{"id":2062,"date":"2026-09-01T09:42:01","date_gmt":"2026-09-01T13:42:01","guid":{"rendered":"https:\/\/lavireetrad.com\/getting-here\/"},"modified":"2026-09-03T11:14:37","modified_gmt":"2026-09-03T15:14:37","slug":"getting-here","status":"publish","type":"page","link":"https:\/\/lavireetrad.com\/en\/getting-here\/","title":{"rendered":"Getting here"},"content":{"rendered":"<p>[et_pb_section fb_built=&#8221;1&#8243; _builder_version=&#8221;4.27.6&#8243; _module_preset=&#8221;default&#8221; background_color=&#8221;#EDE9E9&#8243; custom_padding=&#8221;40px||40px||true|false&#8221; global_colors_info=&#8221;{}&#8221;][et_pb_row _builder_version=&#8221;4.27.6&#8243; _module_preset=&#8221;default&#8221; width=&#8221;87%&#8221; max_width=&#8221;1100px&#8221; custom_padding=&#8221;11px||2px||false|false&#8221; global_colors_info=&#8221;{}&#8221;][et_pb_column type=&#8221;4_4&#8243; _builder_version=&#8221;4.27.6&#8243; _module_preset=&#8221;default&#8221; global_colors_info=&#8221;{}&#8221;][et_pb_text module_class=&#8221;titre-page-interne&#8221; _builder_version=&#8221;4.27.8&#8243; _module_preset=&#8221;default&#8221; header_font=&#8221;|||on|||||&#8221; header_text_align=&#8221;center&#8221; header_text_color=&#8221;#1B2B67&#8243; header_letter_spacing=&#8221;1px&#8221; global_colors_info=&#8221;{}&#8221;]<\/p>\n<h1>Getting here<\/h1>\n<p>[\/et_pb_text][\/et_pb_column][\/et_pb_row][\/et_pb_section][et_pb_section fb_built=&#8221;1&#8243; custom_padding_last_edited=&#8221;off|desktop&#8221; module_class=&#8221;section-page-classique&#8221; _builder_version=&#8221;4.27.7&#8243; _module_preset=&#8221;default&#8221; background_color=&#8221;#FFFFFF&#8221; custom_padding_tablet=&#8221;||5%|0px|false|false&#8221; custom_padding_phone=&#8221;||5%|0px|false|false&#8221; global_colors_info=&#8221;{}&#8221;][et_pb_row column_structure=&#8221;1_2,1_2&#8243; use_custom_gutter=&#8221;on&#8221; gutter_width=&#8221;4&#8243; make_equal=&#8221;on&#8221; custom_padding_last_edited=&#8221;on|desktop&#8221; _builder_version=&#8221;4.27.7&#8243; _module_preset=&#8221;default&#8221; width=&#8221;87%&#8221; max_width=&#8221;1100px&#8221; custom_margin=&#8221;||40px||false|false&#8221; custom_padding=&#8221;0px||0px||true|false&#8221; custom_padding_tablet=&#8221;0px||0px||false|false&#8221; custom_padding_phone=&#8221;0px||0px||false|false&#8221; animation_style=&#8221;slide&#8221; animation_direction=&#8221;bottom&#8221; animation_duration=&#8221;500ms&#8221; animation_intensity_slide=&#8221;5%&#8221; global_colors_info=&#8221;{}&#8221;][et_pb_column type=&#8221;1_2&#8243; _builder_version=&#8221;4.27.6&#8243; _module_preset=&#8221;default&#8221; animation_direction=&#8221;bottom&#8221; global_colors_info=&#8221;{}&#8221;][et_pb_text _builder_version=&#8221;4.27.8&#8243; _module_preset=&#8221;default&#8221; header_2_font=&#8221;Manrope|800|||||||&#8221; header_2_font_size=&#8221;28px&#8221; max_width_tablet=&#8221;100%&#8221; max_width_phone=&#8221;400px&#8221; max_width_last_edited=&#8221;on|desktop&#8221; custom_margin=&#8221;||5px||false|false&#8221; global_colors_info=&#8221;{}&#8221;]<\/p>\n<h2>Getting to Carleton-sur-Mer <\/h2>\n<p>[\/et_pb_text][et_pb_text _builder_version=&#8221;4.27.8&#8243; _module_preset=&#8221;default&#8221; text_font_size=&#8221;20px&#8221; text_line_height=&#8221;1.3em&#8221; max_width=&#8221;95%&#8221; max_width_tablet=&#8221;95%&#8221; max_width_phone=&#8221;95%&#8221; max_width_last_edited=&#8221;on|desktop&#8221; custom_margin=&#8221;||50px||false|false&#8221; global_colors_info=&#8221;{}&#8221;]<\/p>\n<p style=\"text-align: justify;\">Carleton-sur-Mer is located in the heart of Chaleur Bay, in Gasp\u00e9sie, about 800 km east of Montreal, 550 km east of Quebec City, and about 300 km east of Rimouski.<\/p>\n<p>[\/et_pb_text][et_pb_text _builder_version=&#8221;4.27.8&#8243; _module_preset=&#8221;default&#8221; header_2_font=&#8221;Manrope|800|||||||&#8221; header_2_font_size=&#8221;28px&#8221; max_width_tablet=&#8221;100%&#8221; max_width_phone=&#8221;400px&#8221; max_width_last_edited=&#8221;on|desktop&#8221; custom_margin=&#8221;||5px||false|false&#8221; global_colors_info=&#8221;{}&#8221;]<\/p>\n<h2>Where do the different activities take place?<\/h2>\n<p>[\/et_pb_text][et_pb_text _builder_version=&#8221;4.27.8&#8243; _module_preset=&#8221;default&#8221; text_font_size=&#8221;20px&#8221; text_line_height=&#8221;1.3em&#8221; max_width=&#8221;95%&#8221; max_width_tablet=&#8221;95%&#8221; max_width_phone=&#8221;95%&#8221; max_width_last_edited=&#8221;on|desktop&#8221; custom_margin=&#8221;||30px||false|false&#8221; global_colors_info=&#8221;{}&#8221;]<\/p>\n<p style=\"text-align: justify;\">90% of the program takes place at the Quai des arts (774 boulevard Perron) and on its outdoor site, near the church and the C\u00c9GEP de Carleton-sur-Mer.<\/p>\n<p style=\"text-align: justify;\">On Friday evening, after the opening show on the festival site, the dance soir\u00e9e is held at the Centre des congr\u00e8s de la Gasp\u00e9sie (482 boulevard Perron), and the late-night show at Microbrasserie Le Naufrageur (482 boulevard Perron).<\/p>\n<p>[\/et_pb_text][et_pb_button button_url=&#8221;https:\/\/www.google.com\/maps\/place\/Festival+La+Vir%C3%A9e+Trad+-+Maximum+90\/@48.1019283,-66.1074136,15z\/data=!4m6!3m5!1s0x4c984a61c1a09d4d:0x96f89fba11d803d8!8m2!3d48.1019283!4d-66.1074136!16s%2Fg%2F1td530f2?entry=ttu&#8221; url_new_window=&#8221;on&#8221; button_text=&#8221;Open in Google Maps&#8221; _builder_version=&#8221;4.27.8&#8243; _module_preset=&#8221;default&#8221; custom_margin=&#8221;||70px||false|false&#8221; global_colors_info=&#8221;{}&#8221;][\/et_pb_button][et_pb_text _builder_version=&#8221;4.27.8&#8243; _module_preset=&#8221;default&#8221; header_2_font=&#8221;Manrope|800|||||||&#8221; header_2_font_size=&#8221;28px&#8221; max_width_tablet=&#8221;100%&#8221; max_width_phone=&#8221;400px&#8221; max_width_last_edited=&#8221;on|desktop&#8221; custom_margin=&#8221;||5px||false|false&#8221; global_colors_info=&#8221;{}&#8221;]<\/p>\n<h2>Coming by train <\/h2>\n<p>[\/et_pb_text][et_pb_text _builder_version=&#8221;4.27.8&#8243; _module_preset=&#8221;default&#8221; text_font_size=&#8221;20px&#8221; text_line_height=&#8221;1.3em&#8221; max_width=&#8221;95%&#8221; max_width_tablet=&#8221;95%&#8221; max_width_phone=&#8221;95%&#8221; max_width_last_edited=&#8221;on|desktop&#8221; custom_margin=&#8221;||50px||false|false&#8221; global_colors_info=&#8221;{}&#8221;]<\/p>\n<p style=\"text-align: justify;\">The train from Montreal to Campbellton runs on Wednesdays, Fridays, and Sundays (stopping, among other places, in Quebec City, Ste-Foy, Rimouski, Matap\u00e9dia). It departs Montreal at 7:00 PM (ET) and arrives in Campbellton at 7:45 AM.<\/p>\n<p style=\"text-align: justify;\">The train from Campbellton to Montreal runs on Wednesdays, Fridays, and Sundays (stopping, among other places, in Quebec City, Ste-Foy, Rimouski, Matap\u00e9dia). It departs Campbellton at 11:18 PM (Atlantic Time) and arrives in Montreal at 10:03 AM.<br \/><a href=\"https:\/\/www.viarail.ca\/fr\" target=\"_blank\" rel=\"noopener\"><span style=\"text-decoration: underline;\">VIA Rail<\/span><\/a><\/p>\n<p>[\/et_pb_text][\/et_pb_column][et_pb_column type=&#8221;1_2&#8243; _builder_version=&#8221;4.27.6&#8243; _module_preset=&#8221;default&#8221; animation_direction=&#8221;bottom&#8221; global_colors_info=&#8221;{}&#8221;][et_pb_text _builder_version=&#8221;4.27.8&#8243; _module_preset=&#8221;default&#8221; header_2_font=&#8221;Manrope|800|||||||&#8221; header_2_font_size=&#8221;28px&#8221; max_width_tablet=&#8221;100%&#8221; max_width_phone=&#8221;400px&#8221; max_width_last_edited=&#8221;on|desktop&#8221; custom_margin=&#8221;||5px||false|false&#8221; global_colors_info=&#8221;{}&#8221;]<\/p>\n<h2>Coming by bus<\/h2>\n<p>[\/et_pb_text][et_pb_text _builder_version=&#8221;4.27.8&#8243; _module_preset=&#8221;default&#8221; text_font_size=&#8221;20px&#8221; text_line_height=&#8221;1.3em&#8221; max_width=&#8221;95%&#8221; max_width_tablet=&#8221;95%&#8221; max_width_phone=&#8221;95%&#8221; max_width_last_edited=&#8221;on|desktop&#8221; custom_margin=&#8221;||50px||false|false&#8221; hover_enabled=&#8221;0&#8243; global_colors_info=&#8221;{}&#8221; sticky_enabled=&#8221;0&#8243;]<\/p>\n<p>Orl\u00e9ans Express connects many cities across Quebec thanks to its coach network covering the entire province. The Carleton-sur-Mer stop is at the church, right next to Festival La Vir\u00e9e Trad! <br \/><a href=\"https:\/\/www.orleansexpress.com\/\" target=\"_blank\" rel=\"noopener\"><span style=\"text-decoration: underline;\">Orl\u00e9ans Express<\/span><\/a><\/p>\n<p>[\/et_pb_text][et_pb_text _builder_version=&#8221;4.27.8&#8243; _module_preset=&#8221;default&#8221; header_2_font=&#8221;Manrope|800|||||||&#8221; header_2_font_size=&#8221;28px&#8221; max_width_tablet=&#8221;100%&#8221; max_width_phone=&#8221;400px&#8221; max_width_last_edited=&#8221;on|desktop&#8221; custom_margin=&#8221;||5px||false|false&#8221; global_colors_info=&#8221;{}&#8221;]<\/p>\n<h2>Coming by carpool <\/h2>\n<p>[\/et_pb_text][et_pb_text _builder_version=&#8221;4.27.8&#8243; _module_preset=&#8221;default&#8221; text_font_size=&#8221;20px&#8221; text_line_height=&#8221;1.3em&#8221; max_width=&#8221;95%&#8221; max_width_tablet=&#8221;95%&#8221; max_width_phone=&#8221;95%&#8221; max_width_last_edited=&#8221;on|desktop&#8221; custom_margin=&#8221;||50px||false|false&#8221; global_colors_info=&#8221;{}&#8221;]<\/p>\n<p style=\"text-align: justify;\"><b>Cieu-fm<\/b><br \/>Cieu-Fm radio, with its helping-hand program, offers you several free opportunities on its website to get to Carleton and elsewhere, or to offer seats.<br \/><a href=\"http:\/\/www.cieufm.com\/coups-de-pouce\" target=\"_blank\" rel=\"noopener\"><span style=\"text-decoration: underline;\">www.cieufm.com<\/span><\/a><\/p>\n<p style=\"text-align: justify;\"><b>Amigoexpress<\/b><br \/>The Amigoexpress website gives you quick and easy access to a member database to plan your carpool.<br \/><a href=\"https:\/\/www.amigoexpress.com\" target=\"_blank\" rel=\"noopener\"><span style=\"text-decoration: underline;\">www.amigoexpress.com<\/span><\/a><\/p>\n<p>[\/et_pb_text][et_pb_text _builder_version=&#8221;4.27.8&#8243; _module_preset=&#8221;default&#8221; header_2_font=&#8221;Manrope|800|||||||&#8221; header_2_font_size=&#8221;28px&#8221; max_width_tablet=&#8221;100%&#8221; max_width_phone=&#8221;400px&#8221; max_width_last_edited=&#8221;on|desktop&#8221; custom_margin=&#8221;||5px||false|false&#8221; global_colors_info=&#8221;{}&#8221;]<\/p>\n<h2>Coming by plane<\/h2>\n<p>[\/et_pb_text][et_pb_text _builder_version=&#8221;4.27.8&#8243; _module_preset=&#8221;default&#8221; text_font_size=&#8221;20px&#8221; text_line_height=&#8221;1.3em&#8221; max_width=&#8221;95%&#8221; max_width_tablet=&#8221;95%&#8221; max_width_phone=&#8221;95%&#8221; max_width_last_edited=&#8221;on|desktop&#8221; custom_margin=&#8221;||50px||false|false&#8221; global_colors_info=&#8221;{}&#8221;]<\/p>\n<p><b>Bonaventure Airport<br \/><\/b>60 km from Carleton-sur-Mer<br \/>(418) 534-2101<\/p>\n<p><b>Mont-Joli Airport<br \/><\/b>220 km from Carleton-sur-Mer<br \/>(418) 775-3347<\/p>\n<p><b>Bathurst Airport<\/b><br \/>165 km from Carleton-sur-Mer<br \/>(506) 549-5050<\/p>\n<p>[\/et_pb_text][\/et_pb_column][\/et_pb_row][\/et_pb_section]<\/p>\n","protected":false},"excerpt":{"rendered":"<p>Getting hereGetting to Carleton-sur-Mer Carleton-sur-Mer is located in the heart of Chaleur Bay, in Gasp\u00e9sie, about 800 km east of Montreal, 550 km east of Quebec City, and about 300 km east of Rimouski.Where do the different activities take place?90% of the program takes place at the Quai des arts (774 boulevard Perron) and on [&hellip;]<\/p>\n","protected":false},"author":1,"featured_media":0,"parent":0,"menu_order":0,"comment_status":"closed","ping_status":"closed","template":"","meta":{"_acf_changed":false,"_et_pb_use_builder":"on","_et_pb_old_content":"","_et_gb_content_width":"","footnotes":""},"folder":[],"class_list":["post-2062","page","type-page","status-publish","hentry"],"acf":[],"yoast_head":"<!-- This site is optimized with the Yoast SEO plugin v28.4 - https:\/\/yoast.com\/product\/yoast-seo-wordpress\/ -->\n<title>Getting here - La Vir\u00e9e trad - Carleton-sur-Mer<\/title>\n<meta name=\"description\" content=\"Maximum 90, diffuseur de spectacles \u00e0 Carleton-sur-Mer, en Gasp\u00e9sie.\" \/>\n<meta name=\"robots\" content=\"index, follow, max-snippet:-1, max-image-preview:large, max-video-preview:-1\" \/>\n<link rel=\"canonical\" href=\"https:\/\/lavireetrad.com\/en\/getting-here\/\" \/>\n<meta property=\"og:locale\" content=\"en_US\" \/>\n<meta property=\"og:type\" content=\"article\" \/>\n<meta property=\"og:title\" content=\"Getting here - La Vir\u00e9e trad - Carleton-sur-Mer\" \/>\n<meta property=\"og:description\" content=\"Maximum 90, diffuseur de spectacles \u00e0 Carleton-sur-Mer, en Gasp\u00e9sie.\" \/>\n<meta property=\"og:url\" content=\"https:\/\/lavireetrad.com\/en\/getting-here\/\" \/>\n<meta property=\"og:site_name\" content=\"La Vir\u00e9e trad\" \/>\n<meta property=\"article:publisher\" content=\"https:\/\/www.facebook.com\/FestivalLaVireeTrad\" \/>\n<meta property=\"article:modified_time\" content=\"2026-09-03T15:14:37+00:00\" \/>\n<meta property=\"og:image\" content=\"https:\/\/lavireetrad.com\/wp-content\/uploads\/2026\/07\/Festival_La_Viree_Trad_Image5.jpg\" \/>\n\t<meta property=\"og:image:width\" content=\"1300\" \/>\n\t<meta property=\"og:image:height\" content=\"866\" \/>\n\t<meta property=\"og:image:type\" content=\"image\/jpeg\" \/>\n<meta name=\"twitter:card\" content=\"summary_large_image\" \/>\n<meta name=\"twitter:label1\" content=\"Est. reading time\" \/>\n\t<meta name=\"twitter:data1\" content=\"5 minutes\" \/>\n<script type=\"application\/ld+json\" class=\"yoast-schema-graph\">{\"@context\":\"https:\\\/\\\/schema.org\",\"@graph\":[{\"@type\":\"NewsArticle\",\"@id\":\"https:\\\/\\\/lavireetrad.com\\\/en\\\/getting-here\\\/#article\",\"isPartOf\":{\"@id\":\"https:\\\/\\\/lavireetrad.com\\\/en\\\/getting-here\\\/\"},\"author\":{\"name\":\"solinfo\",\"@id\":\"https:\\\/\\\/lavireetrad.com\\\/en\\\/#\\\/schema\\\/person\\\/2f812f04d6cb15be16b14ed15387b42a\"},\"headline\":\"Getting here\",\"datePublished\":\"2026-09-01T13:42:01+00:00\",\"dateModified\":\"2026-09-03T15:14:37+00:00\",\"mainEntityOfPage\":{\"@id\":\"https:\\\/\\\/lavireetrad.com\\\/en\\\/getting-here\\\/\"},\"wordCount\":1098,\"publisher\":{\"@id\":\"https:\\\/\\\/lavireetrad.com\\\/en\\\/#organization\"},\"inLanguage\":\"en-US\"},{\"@type\":[\"WebPage\",\"CollectionPage\"],\"@id\":\"https:\\\/\\\/lavireetrad.com\\\/en\\\/getting-here\\\/\",\"url\":\"https:\\\/\\\/lavireetrad.com\\\/en\\\/getting-here\\\/\",\"name\":\"Getting here - La Vir\u00e9e trad - Carleton-sur-Mer\",\"isPartOf\":{\"@id\":\"https:\\\/\\\/lavireetrad.com\\\/en\\\/#website\"},\"datePublished\":\"2026-09-01T13:42:01+00:00\",\"dateModified\":\"2026-09-03T15:14:37+00:00\",\"description\":\"Maximum 90, diffuseur de spectacles \u00e0 Carleton-sur-Mer, en Gasp\u00e9sie.\",\"breadcrumb\":{\"@id\":\"https:\\\/\\\/lavireetrad.com\\\/en\\\/getting-here\\\/#breadcrumb\"},\"inLanguage\":\"en-US\"},{\"@type\":\"BreadcrumbList\",\"@id\":\"https:\\\/\\\/lavireetrad.com\\\/en\\\/getting-here\\\/#breadcrumb\",\"itemListElement\":[{\"@type\":\"ListItem\",\"position\":1,\"name\":\"Accueil\",\"item\":\"https:\\\/\\\/lavireetrad.com\\\/en\\\/home\\\/\"},{\"@type\":\"ListItem\",\"position\":2,\"name\":\"Getting here\"}]},{\"@type\":\"WebSite\",\"@id\":\"https:\\\/\\\/lavireetrad.com\\\/en\\\/#website\",\"url\":\"https:\\\/\\\/lavireetrad.com\\\/en\\\/\",\"name\":\"Festival La Vir\u00e9e Trad | Carleton-sur-Mer\",\"description\":\"Festival de musique traditionnelle \u00e0 Carleton-sur-Mer, en Gasp\u00e9sie\",\"publisher\":{\"@id\":\"https:\\\/\\\/lavireetrad.com\\\/en\\\/#organization\"},\"alternateName\":\"Festival La Vir\u00e9e Trad | Carleton-sur-Mer\",\"potentialAction\":[{\"@type\":\"SearchAction\",\"target\":{\"@type\":\"EntryPoint\",\"urlTemplate\":\"https:\\\/\\\/lavireetrad.com\\\/en\\\/?s={search_term_string}\"},\"query-input\":{\"@type\":\"PropertyValueSpecification\",\"valueRequired\":true,\"valueName\":\"search_term_string\"}}],\"inLanguage\":\"en-US\"},{\"@type\":\"Organization\",\"@id\":\"https:\\\/\\\/lavireetrad.com\\\/en\\\/#organization\",\"name\":\"Festival La Vir\u00e9e Trad | Carleton-sur-Mer\",\"alternateName\":\"La Vir\u00e9e Trad\",\"url\":\"https:\\\/\\\/lavireetrad.com\\\/en\\\/\",\"logo\":{\"@type\":\"ImageObject\",\"inLanguage\":\"en-US\",\"@id\":\"https:\\\/\\\/lavireetrad.com\\\/en\\\/#\\\/schema\\\/logo\\\/image\\\/\",\"url\":\"https:\\\/\\\/lavireetrad.com\\\/wp-content\\\/uploads\\\/2026\\\/07\\\/logo-la-viree-trad-noir.jpg\",\"contentUrl\":\"https:\\\/\\\/lavireetrad.com\\\/wp-content\\\/uploads\\\/2026\\\/07\\\/logo-la-viree-trad-noir.jpg\",\"width\":415,\"height\":479,\"caption\":\"Festival La Vir\u00e9e Trad | Carleton-sur-Mer\"},\"image\":{\"@id\":\"https:\\\/\\\/lavireetrad.com\\\/en\\\/#\\\/schema\\\/logo\\\/image\\\/\"},\"sameAs\":[\"https:\\\/\\\/www.facebook.com\\\/FestivalLaVireeTrad\"]},{\"@type\":\"Person\",\"@id\":\"https:\\\/\\\/lavireetrad.com\\\/en\\\/#\\\/schema\\\/person\\\/2f812f04d6cb15be16b14ed15387b42a\",\"name\":\"solinfo\",\"image\":{\"@type\":\"ImageObject\",\"inLanguage\":\"en-US\",\"@id\":\"https:\\\/\\\/secure.gravatar.com\\\/avatar\\\/d2d9e2b2f2d8172d43fe2ea3c5eea32279c28520278b9c0a09fa10721a633608?s=96&d=mm&r=g\",\"url\":\"https:\\\/\\\/secure.gravatar.com\\\/avatar\\\/d2d9e2b2f2d8172d43fe2ea3c5eea32279c28520278b9c0a09fa10721a633608?s=96&d=mm&r=g\",\"contentUrl\":\"https:\\\/\\\/secure.gravatar.com\\\/avatar\\\/d2d9e2b2f2d8172d43fe2ea3c5eea32279c28520278b9c0a09fa10721a633608?s=96&d=mm&r=g\",\"caption\":\"solinfo\"},\"sameAs\":[\"https:\\\/\\\/lavireetrad.com\"],\"url\":\"https:\\\/\\\/lavireetrad.com\\\/en\\\/author\\\/solinfo\\\/\"}]}<\/script>\n<!-- \/ Yoast SEO plugin. -->","yoast_head_json":{"title":"Getting here - La Vir\u00e9e trad - Carleton-sur-Mer","description":"Maximum 90, diffuseur de spectacles \u00e0 Carleton-sur-Mer, en Gasp\u00e9sie.","robots":{"index":"index","follow":"follow","max-snippet":"max-snippet:-1","max-image-preview":"max-image-preview:large","max-video-preview":"max-video-preview:-1"},"canonical":"https:\/\/lavireetrad.com\/en\/getting-here\/","og_locale":"en_US","og_type":"article","og_title":"Getting here - La Vir\u00e9e trad - Carleton-sur-Mer","og_description":"Maximum 90, diffuseur de spectacles \u00e0 Carleton-sur-Mer, en Gasp\u00e9sie.","og_url":"https:\/\/lavireetrad.com\/en\/getting-here\/","og_site_name":"La Vir\u00e9e trad","article_publisher":"https:\/\/www.facebook.com\/FestivalLaVireeTrad","article_modified_time":"2026-09-03T15:14:37+00:00","og_image":[{"width":1300,"height":866,"url":"https:\/\/lavireetrad.com\/wp-content\/uploads\/2026\/07\/Festival_La_Viree_Trad_Image5.jpg","type":"image\/jpeg"}],"twitter_card":"summary_large_image","twitter_misc":{"Est. reading time":"5 minutes"},"schema":{"@context":"https:\/\/schema.org","@graph":[{"@type":"NewsArticle","@id":"https:\/\/lavireetrad.com\/en\/getting-here\/#article","isPartOf":{"@id":"https:\/\/lavireetrad.com\/en\/getting-here\/"},"author":{"name":"solinfo","@id":"https:\/\/lavireetrad.com\/en\/#\/schema\/person\/2f812f04d6cb15be16b14ed15387b42a"},"headline":"Getting here","datePublished":"2026-09-01T13:42:01+00:00","dateModified":"2026-09-03T15:14:37+00:00","mainEntityOfPage":{"@id":"https:\/\/lavireetrad.com\/en\/getting-here\/"},"wordCount":1098,"publisher":{"@id":"https:\/\/lavireetrad.com\/en\/#organization"},"inLanguage":"en-US"},{"@type":["WebPage","CollectionPage"],"@id":"https:\/\/lavireetrad.com\/en\/getting-here\/","url":"https:\/\/lavireetrad.com\/en\/getting-here\/","name":"Getting here - La Vir\u00e9e trad - Carleton-sur-Mer","isPartOf":{"@id":"https:\/\/lavireetrad.com\/en\/#website"},"datePublished":"2026-09-01T13:42:01+00:00","dateModified":"2026-09-03T15:14:37+00:00","description":"Maximum 90, diffuseur de spectacles \u00e0 Carleton-sur-Mer, en Gasp\u00e9sie.","breadcrumb":{"@id":"https:\/\/lavireetrad.com\/en\/getting-here\/#breadcrumb"},"inLanguage":"en-US"},{"@type":"BreadcrumbList","@id":"https:\/\/lavireetrad.com\/en\/getting-here\/#breadcrumb","itemListElement":[{"@type":"ListItem","position":1,"name":"Accueil","item":"https:\/\/lavireetrad.com\/en\/home\/"},{"@type":"ListItem","position":2,"name":"Getting here"}]},{"@type":"WebSite","@id":"https:\/\/lavireetrad.com\/en\/#website","url":"https:\/\/lavireetrad.com\/en\/","name":"Festival La Vir\u00e9e Trad | Carleton-sur-Mer","description":"Festival de musique traditionnelle \u00e0 Carleton-sur-Mer, en Gasp\u00e9sie","publisher":{"@id":"https:\/\/lavireetrad.com\/en\/#organization"},"alternateName":"Festival La Vir\u00e9e Trad | Carleton-sur-Mer","potentialAction":[{"@type":"SearchAction","target":{"@type":"EntryPoint","urlTemplate":"https:\/\/lavireetrad.com\/en\/?s={search_term_string}"},"query-input":{"@type":"PropertyValueSpecification","valueRequired":true,"valueName":"search_term_string"}}],"inLanguage":"en-US"},{"@type":"Organization","@id":"https:\/\/lavireetrad.com\/en\/#organization","name":"Festival La Vir\u00e9e Trad | Carleton-sur-Mer","alternateName":"La Vir\u00e9e Trad","url":"https:\/\/lavireetrad.com\/en\/","logo":{"@type":"ImageObject","inLanguage":"en-US","@id":"https:\/\/lavireetrad.com\/en\/#\/schema\/logo\/image\/","url":"https:\/\/lavireetrad.com\/wp-content\/uploads\/2026\/07\/logo-la-viree-trad-noir.jpg","contentUrl":"https:\/\/lavireetrad.com\/wp-content\/uploads\/2026\/07\/logo-la-viree-trad-noir.jpg","width":415,"height":479,"caption":"Festival La Vir\u00e9e Trad | Carleton-sur-Mer"},"image":{"@id":"https:\/\/lavireetrad.com\/en\/#\/schema\/logo\/image\/"},"sameAs":["https:\/\/www.facebook.com\/FestivalLaVireeTrad"]},{"@type":"Person","@id":"https:\/\/lavireetrad.com\/en\/#\/schema\/person\/2f812f04d6cb15be16b14ed15387b42a","name":"solinfo","image":{"@type":"ImageObject","inLanguage":"en-US","@id":"https:\/\/secure.gravatar.com\/avatar\/d2d9e2b2f2d8172d43fe2ea3c5eea32279c28520278b9c0a09fa10721a633608?s=96&d=mm&r=g","url":"https:\/\/secure.gravatar.com\/avatar\/d2d9e2b2f2d8172d43fe2ea3c5eea32279c28520278b9c0a09fa10721a633608?s=96&d=mm&r=g","contentUrl":"https:\/\/secure.gravatar.com\/avatar\/d2d9e2b2f2d8172d43fe2ea3c5eea32279c28520278b9c0a09fa10721a633608?s=96&d=mm&r=g","caption":"solinfo"},"sameAs":["https:\/\/lavireetrad.com"],"url":"https:\/\/lavireetrad.com\/en\/author\/solinfo\/"}]}},"publishpress_future_action":{"enabled":false,"date":"2026-09-13 07:59:34","action":"change-status","newStatus":"draft","terms":[],"taxonomy":"translation_priority","extraData":[]},"publishpress_future_workflow_manual_trigger":{"enabledWorkflows":[]},"_links":{"self":[{"href":"https:\/\/lavireetrad.com\/en\/wp-json\/wp\/v2\/pages\/2062","targetHints":{"allow":["GET"]}}],"collection":[{"href":"https:\/\/lavireetrad.com\/en\/wp-json\/wp\/v2\/pages"}],"about":[{"href":"https:\/\/lavireetrad.com\/en\/wp-json\/wp\/v2\/types\/page"}],"author":[{"embeddable":true,"href":"https:\/\/lavireetrad.com\/en\/wp-json\/wp\/v2\/users\/1"}],"replies":[{"embeddable":true,"href":"https:\/\/lavireetrad.com\/en\/wp-json\/wp\/v2\/comments?post=2062"}],"version-history":[{"count":4,"href":"https:\/\/lavireetrad.com\/en\/wp-json\/wp\/v2\/pages\/2062\/revisions"}],"predecessor-version":[{"id":2067,"href":"https:\/\/lavireetrad.com\/en\/wp-json\/wp\/v2\/pages\/2062\/revisions\/2067"}],"wp:attachment":[{"href":"https:\/\/lavireetrad.com\/en\/wp-json\/wp\/v2\/media?parent=2062"}],"wp:term":[{"taxonomy":"folder","embeddable":true,"href":"https:\/\/lavireetrad.com\/en\/wp-json\/wp\/v2\/folder?post=2062"}],"curies":[{"name":"wp","href":"https:\/\/api.w.org\/{rel}","templated":true}]}}