{"id":2112,"date":"2026-07-06T11:40:18","date_gmt":"2026-07-06T15:40:18","guid":{"rendered":"https:\/\/lavireetrad.com\/home\/"},"modified":"2026-09-03T11:45:58","modified_gmt":"2026-09-03T15:45:58","slug":"home","status":"publish","type":"page","link":"https:\/\/lavireetrad.com\/en\/","title":{"rendered":"Home"},"content":{"rendered":"<p>[et_pb_section fb_built=&#8221;1&#8243; module_class=&#8221;section-hero&#8221; _builder_version=&#8221;4.27.8&#8243; _module_preset=&#8221;default&#8221; background_image=&#8221;https:\/\/lavireetrad.com\/wp-content\/uploads\/2026\/08\/FLVT26-Banniere_1920x615_v2.jpg&#8221; background_position=&#8221;center_right&#8221; custom_padding=&#8221;0px||0px||true|false&#8221; global_colors_info=&#8221;{}&#8221;][et_pb_row column_structure=&#8221;2_5,3_5&#8243; use_custom_gutter=&#8221;on&#8221; gutter_width=&#8221;1&#8243; make_equal=&#8221;on&#8221; module_class=&#8221;custom_row&#8221; _builder_version=&#8221;4.27.8&#8243; _module_preset=&#8221;default&#8221; width=&#8221;100%&#8221; max_width=&#8221;2560px&#8221; custom_padding=&#8221;0px||0px||true|false&#8221; global_colors_info=&#8221;{}&#8221;][et_pb_column type=&#8221;2_5&#8243; module_class=&#8221;second-on-mobile&#8221; _builder_version=&#8221;4.27.8&#8243; _module_preset=&#8221;default&#8221; background_enable_image=&#8221;off&#8221; custom_padding=&#8221;7%|5%|7%|5%|true|true&#8221; custom_padding_tablet=&#8221;7%|5%|7%|5%|true|true&#8221; custom_padding_phone=&#8221;0%|0%|0%|0%|true|true&#8221; custom_padding_last_edited=&#8221;on|phone&#8221; global_colors_info=&#8221;{}&#8221;][et_pb_video src=&#8221;https:\/\/www.youtube.com\/watch?v=_zA8dT96Cmg&#8221; _builder_version=&#8221;4.27.8&#8243; _module_preset=&#8221;default&#8221; border_width_all=&#8221;2px&#8221; border_color_all=&#8221;#FFFFFF&#8221; border_width_all_tablet=&#8221;2px&#8221; border_width_all_phone=&#8221;0px&#8221; border_width_all_last_edited=&#8221;on|phone&#8221; box_shadow_style=&#8221;preset1&#8243; box_shadow_color=&#8221;rgba(0,0,0,0.23)&#8221; global_colors_info=&#8221;{}&#8221;][\/et_pb_video][\/et_pb_column][et_pb_column type=&#8221;3_5&#8243; module_class=&#8221;row-col-hero-texte first-on-mobile&#8221; _builder_version=&#8221;4.27.8&#8243; _module_preset=&#8221;default&#8221; custom_padding=&#8221;7%|7%|7%|0px|true|false&#8221; custom_padding_tablet=&#8221;7%|5%|7%|5%|true|true&#8221; custom_padding_phone=&#8221;15%||15%||true|true&#8221; custom_padding_last_edited=&#8221;on|phone&#8221; global_colors_info=&#8221;{}&#8221;][et_pb_text _builder_version=&#8221;4.27.8&#8243; _module_preset=&#8221;default&#8221; header_3_font=&#8221;Manrope|300|||||||&#8221; header_3_text_color=&#8221;#EDE9E9&#8243; header_3_font_size=&#8221;19px&#8221; custom_margin=&#8221;||0px||false|false&#8221; header_3_font_size_tablet=&#8221;19px&#8221; header_3_font_size_phone=&#8221;17px&#8221; header_3_font_size_last_edited=&#8221;on|phone&#8221; global_colors_info=&#8221;{}&#8221;]<\/p>\n<h3>October 9 to 11, 2026 &#8211; 25<sup style=\"font-size: 50%;\">th<\/sup> edition<\/h3>\n<p>[\/et_pb_text][et_pb_text _builder_version=&#8221;4.27.8&#8243; _module_preset=&#8221;default&#8221; header_font=&#8221;Manrope|700|||||||&#8221; header_text_color=&#8221;#FFFFFF&#8221; max_width_tablet=&#8221;&#8221; max_width_phone=&#8221;&#8221; max_width_last_edited=&#8221;on|desktop&#8221; custom_margin=&#8221;||8px||false|false&#8221; header_font_size_tablet=&#8221;&#8221; header_font_size_phone=&#8221;40px&#8221; header_font_size_last_edited=&#8221;on|phone&#8221; global_colors_info=&#8221;{}&#8221;]<\/p>\n<h1>Festival<br \/>La Vir\u00e9e Trad<\/h1>\n<p>[\/et_pb_text][et_pb_text _builder_version=&#8221;4.27.8&#8243; _module_preset=&#8221;default&#8221; header_2_font=&#8221;Manrope|300|||||||&#8221; header_2_text_color=&#8221;rgba(237,233,233,0.75)&#8221; header_2_font_size=&#8221;19px&#8221; header_2_font_size_tablet=&#8221;19px&#8221; header_2_font_size_phone=&#8221;17px&#8221; header_2_font_size_last_edited=&#8221;on|phone&#8221; global_colors_info=&#8221;{}&#8221;]<\/p>\n<h2>Carleton-sur-Mer<\/h2>\n<p>[\/et_pb_text][\/et_pb_column][\/et_pb_row][\/et_pb_section][et_pb_section fb_built=&#8221;1&#8243; custom_padding_last_edited=&#8221;on|phone&#8221; _builder_version=&#8221;4.27.8&#8243; _module_preset=&#8221;default&#8221; background_color=&#8221;#FFFFFF&#8221; custom_padding=&#8221;||5%|0px|false|false&#8221; custom_padding_tablet=&#8221;||4%|0px|false|false&#8221; custom_padding_phone=&#8221;50px||4%|0px|false|false&#8221; global_colors_info=&#8221;{}&#8221;][et_pb_row custom_padding_last_edited=&#8221;on|desktop&#8221; _builder_version=&#8221;4.27.8&#8243; _module_preset=&#8221;default&#8221; width=&#8221;92%&#8221; custom_padding=&#8221;0px||0px||false|false&#8221; custom_padding_tablet=&#8221;0px||0px||false|false&#8221; custom_padding_phone=&#8221;0px||0px||false|false&#8221; global_colors_info=&#8221;{}&#8221;][et_pb_column type=&#8221;4_4&#8243; _builder_version=&#8221;4.27.5&#8243; _module_preset=&#8221;default&#8221; global_colors_info=&#8221;{}&#8221;][et_pb_text _builder_version=&#8221;4.27.8&#8243; _module_preset=&#8221;default&#8221; header_2_font=&#8221;Manrope|700|||||||&#8221; header_2_text_align=&#8221;center&#8221; max_width_tablet=&#8221;&#8221; max_width_phone=&#8221;80%&#8221; max_width_last_edited=&#8221;on|phone&#8221; header_2_text_align_tablet=&#8221;&#8221; header_2_text_align_phone=&#8221;center&#8221; header_2_text_align_last_edited=&#8221;on|phone&#8221; header_2_font_size_tablet=&#8221;40px&#8221; header_2_font_size_phone=&#8221;30px&#8221; header_2_font_size_last_edited=&#8221;on|tablet&#8221; module_alignment_tablet=&#8221;center&#8221; module_alignment_phone=&#8221;center&#8221; module_alignment_last_edited=&#8221;on|tablet&#8221; global_colors_info=&#8221;{}&#8221;]<\/p>\n<h2>Program<\/h2>\n<p>[\/et_pb_text][et_pb_code _builder_version=&#8221;4.27.6&#8243; _module_preset=&#8221;default&#8221; global_colors_info=&#8221;{}&#8221;]\r\n<div class=\"si-list-wrapper\" id=\"si-list-wrapper\">\r\n\r\n    <!-- FILTRES -->\r\n    <div class=\"si-list-filter\">\r\n\r\n        <!-- JOUR DE LA SEMAINE -->\r\n\r\n                    <form method=\"get\" class=\"si-list-filter-form si-list-filter-jour\">\r\n                                                                <select name=\"si_jour\" class=\"si-list-filter-select\" onchange=\"this.form.submit()\">\r\n                    <option value=\"\">Tous les jours<\/option>\r\n                                            <option value=\"vendredi\" >\r\n                            Friday, October 9                        <\/option>\r\n                                            <option value=\"samedi\" >\r\n                            Saturday, October 10                        <\/option>\r\n                                            <option value=\"dimanche\" >\r\n                            Sunday, October 11                        <\/option>\r\n                                    <\/select>\r\n            <\/form>\r\n        \r\n        <!-- SCENE -->\r\n\r\n                    <form method=\"get\" class=\"si-list-filter-form si-list-filter-scene\">\r\n                                                                <select name=\"si_scene\" class=\"si-list-filter-select\" onchange=\"this.form.submit()\">\r\n                    <option value=\"\">Toutes les sc\u00e8nes<\/option>\r\n                                            <option value=\"carleton-cemetery\" >\r\n                            Carleton Cemetery                        <\/option>\r\n                                            <option value=\"convention-center\" >\r\n                            Convention Center                        <\/option>\r\n                                            <option value=\"le-naufrageur\" >\r\n                            Le Naufrageur                        <\/option>\r\n                                            <option value=\"market-tent\" >\r\n                            Market tent                        <\/option>\r\n                                            <option value=\"mrc-avignon-stage\" >\r\n                            MRC Avignon Stage                        <\/option>\r\n                                            <option value=\"quai-des-arts-foyer\" >\r\n                            Quai des Arts Foyer                        <\/option>\r\n                                            <option value=\"quai-des-arts-outdoor-site\" >\r\n                            Quai des Arts outdoor site                        <\/option>\r\n                                            <option value=\"quai-des-arts-studio\" >\r\n                            Quai des Arts Studio                        <\/option>\r\n                                            <option value=\"rehearsal-room\" >\r\n                            Rehearsal room                        <\/option>\r\n                                    <\/select>\r\n            <\/form>\r\n        \r\n        <!-- CATEGORIE -->\r\n\r\n                                    <a\r\n                    class=\"si-list-filter-button \"\r\n                    href=\"?si_category=conference\">\r\n                    Conference                <\/a>\r\n                            <a\r\n                    class=\"si-list-filter-button \"\r\n                    href=\"?si_category=dance\">\r\n                    Dance                <\/a>\r\n                            <a\r\n                    class=\"si-list-filter-button \"\r\n                    href=\"?si_category=family-activity\">\r\n                    Family activity                <\/a>\r\n                            <a\r\n                    class=\"si-list-filter-button \"\r\n                    href=\"?si_category=music\">\r\n                    Music                <\/a>\r\n                            <a\r\n                    class=\"si-list-filter-button \"\r\n                    href=\"?si_category=song\">\r\n                    Song                <\/a>\r\n                            <a\r\n                    class=\"si-list-filter-button \"\r\n                    href=\"?si_category=tale\">\r\n                    Tale                <\/a>\r\n                            <a\r\n                    class=\"si-list-filter-button \"\r\n                    href=\"?si_category=workshop\">\r\n                    Workshop                <\/a>\r\n                    \r\n        <!-- VOIR TOUT -->\r\n\r\n        <a class=\"si-list-filter-button-tout active\" href=\"?si_reset=1\">Voir tout<\/a>\r\n\r\n        <!--\r\n        <form method=\"get\" class=\"si-list-filter-form\">\r\n\t\t\t\r\n\t\t\t\t\t\t\r\n            <input \r\n                type=\"text\" \r\n                name=\"si_search\"\r\n                value=\"\"\r\n                placeholder=\"Rechercher...\"\r\n                class=\"si-list-filter-input\"\r\n            >\r\n            <button type=\"submit\" class=\"si-list-filter-button\">\r\n                Rechercher\r\n            <\/button>\r\n        <\/form>\r\n\t\t-->\r\n\r\n    <\/div>\r\n\r\n    <!-- GRID -->\r\n    <div class=\"si-list-grid\">\r\n\r\n                    \r\n                \r\n                <div class=\"si-list-grid-card\">\r\n\r\n                                            <div class=\"si-list-grid-card-category\">\r\n                            <h2>\r\n                                Music                            <\/h2>\r\n                        <\/div>\r\n                    \r\n                                            <div class=\"si-list-grid-card-image\">\r\n                            <a href=\"https:\/\/lavireetrad.com\/en\/evenement\/morgan-toney\/\">\r\n                                <img loading=\"lazy\" decoding=\"async\" width=\"768\" height=\"691\" src=\"https:\/\/lavireetrad.com\/wp-content\/uploads\/2026\/08\/MorganToney-4-copie-768x691.webp\" class=\"si-list-grid-card-img wp-post-image\" alt=\"\" \/>                            <\/a>\r\n                        <\/div>\r\n                    \r\n                    <div class=\"si-list-grid-card-content\">\r\n\r\n                        <!-- STATUT -->\r\n\r\n                        <div class=\"si-list-grid-card-status-container\">\r\n                                                                                                                    <div class=\"si-list-grid-card-status si-status-gratuit\">\r\n                                    <p>Gratuit<\/p>\r\n                                <\/div>\r\n                                                    <\/div>\r\n\t\t\t\t\t\t\r\n\t\t\t\t\t\t                            <div class=\"si-list-grid-card-scene\">\r\n                                Sc\u00e8ne MRC Avignon                            <\/div>\r\n                         \r\n\r\n                        <h2 class=\"si-list-grid-card-artist\">\r\n                            <a href=\"https:\/\/lavireetrad.com\/en\/evenement\/morgan-toney\/\">\r\n                                Morgan Toney                            <\/a>\r\n                        <\/h2>\r\n\r\n                                                    <div class=\"si-list-grid-card-show\">\r\n                                <h3>Heal The Divide<\/h3>\r\n                            <\/div>\r\n                        \r\n\r\n                        \r\n\t\t\t\t\t\t\r\n                          <!--                              <div class=\"si-list-grid-card-scene\">\r\n                                Sc\u00e8ne MRC Avignon                            <\/div>\r\n                         -->\r\n                        \r\n\r\n                        <!-- <div class=\"si-list-grid-card-excerpt\"><p>Winner of a 2026 JUNO Award for Traditional Roots Album of the Year, Morgan Toney is a Mi&#8217;kmaq singer-songwriter and fiddler from Cape Breton, Nova Scotia. His music blends Celtic folk and traditional Mi&#8217;kmaq music. He is a member of the Wagmatcook First Nation. Drawing on thousands of years of tradition, Toney marries the Scottish [&hellip;]<\/p>\n<\/div>-->\r\n\r\n\r\n\r\n                        <div class=\"si-list-grid-card-buttons\">\r\n                            <a href=\"https:\/\/lavireetrad.com\/en\/evenement\/morgan-toney\/\" class=\"si-list-grid-card-button si-btn-read\">Lire la suite<\/a>\r\n                                                    <\/div>\r\n\r\n                    <\/div>\r\n                <\/div>\r\n\r\n            \r\n                \r\n                <div class=\"si-list-grid-card\">\r\n\r\n                                            <div class=\"si-list-grid-card-category\">\r\n                            <h2>\r\n                                Tale                            <\/h2>\r\n                        <\/div>\r\n                    \r\n                                            <div class=\"si-list-grid-card-image\">\r\n                            <a href=\"https:\/\/lavireetrad.com\/en\/evenement\/michel-faubert\/\">\r\n                                <img loading=\"lazy\" decoding=\"async\" width=\"768\" height=\"691\" src=\"https:\/\/lavireetrad.com\/wp-content\/uploads\/2026\/08\/Michel-Faubert_5462creditAlainLefort-2-copie-768x691.webp\" class=\"si-list-grid-card-img wp-post-image\" alt=\"\" \/>                            <\/a>\r\n                        <\/div>\r\n                    \r\n                    <div class=\"si-list-grid-card-content\">\r\n\r\n                        <!-- STATUT -->\r\n\r\n                        <div class=\"si-list-grid-card-status-container\">\r\n                                                                                                            <\/div>\r\n\t\t\t\t\t\t\r\n\t\t\t\t\t\t                            <div class=\"si-list-grid-card-scene\">\r\n                                Studio du Quai des arts                            <\/div>\r\n                         \r\n\r\n                        <h2 class=\"si-list-grid-card-artist\">\r\n                            <a href=\"https:\/\/lavireetrad.com\/en\/evenement\/michel-faubert\/\">\r\n                                Michel Faubert                            <\/a>\r\n                        <\/h2>\r\n\r\n                                                    <div class=\"si-list-grid-card-show\">\r\n                                <h3>30 years of off-the-beaten-path tales and fantastic stories<\/h3>\r\n                            <\/div>\r\n                        \r\n\r\n                        \r\n\t\t\t\t\t\t\r\n                          <!--                              <div class=\"si-list-grid-card-scene\">\r\n                                Studio du Quai des arts                            <\/div>\r\n                         -->\r\n                        \r\n\r\n                        <!-- <div class=\"si-list-grid-card-excerpt\"><p>Michel Faubert is known for his collections and contemporary adaptations of legendary ballads and marvelous tales. He travels just as easily through the world of folklore as through Montreal&#8217;s underground scene, which he has frequented extensively. In this fascinating solo show, he brings back to life his essential classics\u2014La vendeuse de r\u00eaves, La fille aux [&hellip;]<\/p>\n<\/div>-->\r\n\r\n\r\n\r\n                        <div class=\"si-list-grid-card-buttons\">\r\n                            <a href=\"https:\/\/lavireetrad.com\/en\/evenement\/michel-faubert\/\" class=\"si-list-grid-card-button si-btn-read\">Lire la suite<\/a>\r\n                                                            <a href=\"https:\/\/quaidesarts-maximum90.tuxedobillet.com\/Maximum%2090\/flvt-2026-michel-faubert\" target=\"_blank\" class=\"si-list-grid-card-button si-btn-buy\">Acheter en ligne<\/a>\r\n                                                    <\/div>\r\n\r\n                    <\/div>\r\n                <\/div>\r\n\r\n            \r\n                \r\n                <div class=\"si-list-grid-card\">\r\n\r\n                                            <div class=\"si-list-grid-card-category\">\r\n                            <h2>\r\n                                Music                            <\/h2>\r\n                        <\/div>\r\n                    \r\n                                            <div class=\"si-list-grid-card-image\">\r\n                            <a href=\"https:\/\/lavireetrad.com\/en\/evenement\/la-bottine-souriante\/\">\r\n                                <img loading=\"lazy\" decoding=\"async\" width=\"768\" height=\"691\" src=\"https:\/\/lavireetrad.com\/wp-content\/uploads\/2026\/08\/La-Bottine-souriante-2-copie-768x691.webp\" class=\"si-list-grid-card-img wp-post-image\" alt=\"\" \/>                            <\/a>\r\n                        <\/div>\r\n                    \r\n                    <div class=\"si-list-grid-card-content\">\r\n\r\n                        <!-- STATUT -->\r\n\r\n                        <div class=\"si-list-grid-card-status-container\">\r\n                                                                                                            <\/div>\r\n\t\t\t\t\t\t\r\n\t\t\t\t\t\t                            <div class=\"si-list-grid-card-scene\">\r\n                                Sc\u00e8ne MRC Avignon                            <\/div>\r\n                         \r\n\r\n                        <h2 class=\"si-list-grid-card-artist\">\r\n                            <a href=\"https:\/\/lavireetrad.com\/en\/evenement\/la-bottine-souriante\/\">\r\n                                La Bottine Souriante                            <\/a>\r\n                        <\/h2>\r\n\r\n                                                    <div class=\"si-list-grid-card-show\">\r\n                                <h3>Domino!<\/h3>\r\n                            <\/div>\r\n                        \r\n\r\n                        \r\n\t\t\t\t\t\t\r\n                          <!--                              <div class=\"si-list-grid-card-scene\">\r\n                                Sc\u00e8ne MRC Avignon                            <\/div>\r\n                         -->\r\n                        \r\n\r\n                        <!-- <div class=\"si-list-grid-card-excerpt\"><p>Since its formation in the fall of 1976, in the Lanaudi\u00e8re region, La Bottine Souriante has proudly embodied the vitality and richness of Quebec&#8217;s musical heritage. To mark 50 years of performing, the group presents an anniversary show bringing together the highlights of its impressive repertoire, from past hits to more recent compositions. On stage, [&hellip;]<\/p>\n<\/div>-->\r\n\r\n\r\n\r\n                        <div class=\"si-list-grid-card-buttons\">\r\n                            <a href=\"https:\/\/lavireetrad.com\/en\/evenement\/la-bottine-souriante\/\" class=\"si-list-grid-card-button si-btn-read\">Lire la suite<\/a>\r\n                                                            <a href=\"https:\/\/quaidesarts-maximum90.tuxedobillet.com\/Maximum%2090\/flvt-2026-la-bottine-souriante\" target=\"_blank\" class=\"si-list-grid-card-button si-btn-buy\">Acheter en ligne<\/a>\r\n                                                    <\/div>\r\n\r\n                    <\/div>\r\n                <\/div>\r\n\r\n            \r\n                \r\n                <div class=\"si-list-grid-card\">\r\n\r\n                                            <div class=\"si-list-grid-card-category\">\r\n                            <h2>\r\n                                Family activity                            <\/h2>\r\n                        <\/div>\r\n                    \r\n                                            <div class=\"si-list-grid-card-image\">\r\n                            <a href=\"https:\/\/lavireetrad.com\/en\/evenement\/public-market\/\">\r\n                                <img loading=\"lazy\" decoding=\"async\" width=\"768\" height=\"691\" src=\"https:\/\/lavireetrad.com\/wp-content\/uploads\/2026\/08\/20251011-laviree-0335-copie-768x691.webp\" class=\"si-list-grid-card-img wp-post-image\" alt=\"\" \/>                            <\/a>\r\n                        <\/div>\r\n                    \r\n                    <div class=\"si-list-grid-card-content\">\r\n\r\n                        <!-- STATUT -->\r\n\r\n                        <div class=\"si-list-grid-card-status-container\">\r\n                                                                                                            <\/div>\r\n\t\t\t\t\t\t\r\n\t\t\t\t\t\t                            <div class=\"si-list-grid-card-scene\">\r\n                                Site ext\u00e9rieur du Quai des arts                            <\/div>\r\n                         \r\n\r\n                        <h2 class=\"si-list-grid-card-artist\">\r\n                            <a href=\"https:\/\/lavireetrad.com\/en\/evenement\/public-market\/\">\r\n                                Public Market                            <\/a>\r\n                        <\/h2>\r\n\r\n                        \r\n\r\n                        \r\n\t\t\t\t\t\t\r\n                          <!--                              <div class=\"si-list-grid-card-scene\">\r\n                                Site ext\u00e9rieur du Quai des arts                            <\/div>\r\n                         -->\r\n                        \r\n\r\n                        <!-- <div class=\"si-list-grid-card-excerpt\"><p>The La Vir\u00e9e Trad festival continues to showcase Gasp\u00e9sie\u2019s agri-food products and crafts. Freshness, flavors, tastings, and short supply chains are all part of the program at the region\u2019s largest public market, which brings together fifty-seven exhibitors ready to share their expertise. Food Concessions: On the festival&#8217;s outdoor site, take the opportunity to enjoy a [&hellip;]<\/p>\n<\/div>-->\r\n\r\n\r\n\r\n                        <div class=\"si-list-grid-card-buttons\">\r\n                            <a href=\"https:\/\/lavireetrad.com\/en\/evenement\/public-market\/\" class=\"si-list-grid-card-button si-btn-read\">Lire la suite<\/a>\r\n                                                            <a href=\"https:\/\/quaidesarts-maximum90.tuxedobillet.com\/\" target=\"_blank\" class=\"si-list-grid-card-button si-btn-buy\">Acheter en ligne<\/a>\r\n                                                    <\/div>\r\n\r\n                    <\/div>\r\n                <\/div>\r\n\r\n            \r\n                \r\n                <div class=\"si-list-grid-card\">\r\n\r\n                                            <div class=\"si-list-grid-card-category\">\r\n                            <h2>\r\n                                Workshop                            <\/h2>\r\n                        <\/div>\r\n                    \r\n                                            <div class=\"si-list-grid-card-image\">\r\n                            <a href=\"https:\/\/lavireetrad.com\/en\/evenement\/carleton-cemetery-tour\/\">\r\n                                <img loading=\"lazy\" decoding=\"async\" width=\"768\" height=\"691\" src=\"https:\/\/lavireetrad.com\/wp-content\/uploads\/2026\/08\/CIMETIERE-3-copie-768x691.webp\" class=\"si-list-grid-card-img wp-post-image\" alt=\"\" \/>                            <\/a>\r\n                        <\/div>\r\n                    \r\n                    <div class=\"si-list-grid-card-content\">\r\n\r\n                        <!-- STATUT -->\r\n\r\n                        <div class=\"si-list-grid-card-status-container\">\r\n                                                                                                                    <div class=\"si-list-grid-card-status si-status-gratuit\">\r\n                                    <p>Gratuit<\/p>\r\n                                <\/div>\r\n                                                    <\/div>\r\n\t\t\t\t\t\t\r\n\t\t\t\t\t\t                            <div class=\"si-list-grid-card-scene\">\r\n                                Cimeti\u00e8re de Carleton                            <\/div>\r\n                         \r\n\r\n                        <h2 class=\"si-list-grid-card-artist\">\r\n                            <a href=\"https:\/\/lavireetrad.com\/en\/evenement\/carleton-cemetery-tour\/\">\r\n                                Carleton Cemetery Tour                            <\/a>\r\n                        <\/h2>\r\n\r\n                        \r\n\r\n                        \r\n\t\t\t\t\t\t\r\n                          <!--                              <div class=\"si-list-grid-card-scene\">\r\n                                Cimeti\u00e8re de Carleton                            <\/div>\r\n                         -->\r\n                        \r\n\r\n                        <!-- <div class=\"si-list-grid-card-excerpt\"><p>This guided tour, led by historians Paul Lemieux and Pascal Alain, highlights people, events, and chapters from Carleton&#8217;s history. A tribute to our human heritage in a place of memory and contemplation. Meet just before 11 AM at the festival information desk, located at the entrance of Quai des arts, near the ticket office.<\/p>\n<\/div>-->\r\n\r\n\r\n\r\n                        <div class=\"si-list-grid-card-buttons\">\r\n                            <a href=\"https:\/\/lavireetrad.com\/en\/evenement\/carleton-cemetery-tour\/\" class=\"si-list-grid-card-button si-btn-read\">Lire la suite<\/a>\r\n                                                    <\/div>\r\n\r\n                    <\/div>\r\n                <\/div>\r\n\r\n            \r\n                \r\n                <div class=\"si-list-grid-card\">\r\n\r\n                                            <div class=\"si-list-grid-card-category\">\r\n                            <h2>\r\n                                Workshop                            <\/h2>\r\n                        <\/div>\r\n                    \r\n                                            <div class=\"si-list-grid-card-image\">\r\n                            <a href=\"https:\/\/lavireetrad.com\/en\/evenement\/fiddle-workshop\/\">\r\n                                <img loading=\"lazy\" decoding=\"async\" width=\"768\" height=\"691\" src=\"https:\/\/lavireetrad.com\/wp-content\/uploads\/2026\/08\/20251011-laviree_VMA0009-copie-768x691.webp\" class=\"si-list-grid-card-img wp-post-image\" alt=\"\" \/>                            <\/a>\r\n                        <\/div>\r\n                    \r\n                    <div class=\"si-list-grid-card-content\">\r\n\r\n                        <!-- STATUT -->\r\n\r\n                        <div class=\"si-list-grid-card-status-container\">\r\n                                                                                                                    <div class=\"si-list-grid-card-status si-status-gratuit\">\r\n                                    <p>Gratuit<\/p>\r\n                                <\/div>\r\n                                                    <\/div>\r\n\t\t\t\t\t\t\r\n\t\t\t\t\t\t                            <div class=\"si-list-grid-card-scene\">\r\n                                Salle de r\u00e9p\u00e9tition                            <\/div>\r\n                         \r\n\r\n                        <h2 class=\"si-list-grid-card-artist\">\r\n                            <a href=\"https:\/\/lavireetrad.com\/en\/evenement\/fiddle-workshop\/\">\r\n                                Fiddle Workshop                            <\/a>\r\n                        <\/h2>\r\n\r\n                                                    <div class=\"si-list-grid-card-show\">\r\n                                <h3>With D\u00e2vi Simard<\/h3>\r\n                            <\/div>\r\n                        \r\n\r\n                        \r\n\t\t\t\t\t\t\r\n                          <!--                              <div class=\"si-list-grid-card-scene\">\r\n                                Salle de r\u00e9p\u00e9tition                            <\/div>\r\n                         -->\r\n                        \r\n\r\n                        <!-- <div class=\"si-list-grid-card-excerpt\"><p>D\u00e2vi Simard (L\u2019Oumimag, Les Mercenaires du terroir, DJ DaOvee, C\u00e9dric Dind-Lavoie) offers an &#8220;ear&#8221; group class. No knowledge of written music required. This class is for people who already have a basic foundation with their instrument and want to broaden their knowledge of the repertoire. Registration Please note that spaces are limited.<\/p>\n<\/div>-->\r\n\r\n\r\n\r\n                        <div class=\"si-list-grid-card-buttons\">\r\n                            <a href=\"https:\/\/lavireetrad.com\/en\/evenement\/fiddle-workshop\/\" class=\"si-list-grid-card-button si-btn-read\">Lire la suite<\/a>\r\n                                                    <\/div>\r\n\r\n                    <\/div>\r\n                <\/div>\r\n\r\n            \r\n                \r\n                <div class=\"si-list-grid-card\">\r\n\r\n                                            <div class=\"si-list-grid-card-category\">\r\n                            <h2>\r\n                                Family activity                            <\/h2>\r\n                        <\/div>\r\n                    \r\n                                            <div class=\"si-list-grid-card-image\">\r\n                            <a href=\"https:\/\/lavireetrad.com\/en\/evenement\/circus-satourne\/\">\r\n                                <img loading=\"lazy\" decoding=\"async\" width=\"768\" height=\"691\" src=\"https:\/\/lavireetrad.com\/wp-content\/uploads\/2026\/08\/Cirque-Satourne-768x691.webp\" class=\"si-list-grid-card-img wp-post-image\" alt=\"\" \/>                            <\/a>\r\n                        <\/div>\r\n                    \r\n                    <div class=\"si-list-grid-card-content\">\r\n\r\n                        <!-- STATUT -->\r\n\r\n                        <div class=\"si-list-grid-card-status-container\">\r\n                                                                                                            <\/div>\r\n\t\t\t\t\t\t\r\n\t\t\t\t\t\t                            <div class=\"si-list-grid-card-scene\">\r\n                                Site ext\u00e9rieur du Quai des arts                            <\/div>\r\n                         \r\n\r\n                        <h2 class=\"si-list-grid-card-artist\">\r\n                            <a href=\"https:\/\/lavireetrad.com\/en\/evenement\/circus-satourne\/\">\r\n                                Cirque Satourne                            <\/a>\r\n                        <\/h2>\r\n\r\n                                                    <div class=\"si-list-grid-card-show\">\r\n                                <h3>Children&#039;s Entertainment<\/h3>\r\n                            <\/div>\r\n                        \r\n\r\n                        \r\n\t\t\t\t\t\t\r\n                          <!--                              <div class=\"si-list-grid-card-scene\">\r\n                                Site ext\u00e9rieur du Quai des arts                            <\/div>\r\n                         -->\r\n                        \r\n\r\n                        <!-- <div class=\"si-list-grid-card-excerpt\"><p>The Satourne circus school offers introductory circus arts workshops for kids and big kids alike. Through a small circuit, participants, assisted by enthusiastic instructors, can experiment and explore object manipulation (clubs, flower sticks, diabolos, balls, spinning plates, staff, hula hoop, poi) and balance (stilts, unicycle, slackline, pogo stick, clown bike and gentleman bike).<\/p>\n<\/div>-->\r\n\r\n\r\n\r\n                        <div class=\"si-list-grid-card-buttons\">\r\n                            <a href=\"https:\/\/lavireetrad.com\/en\/evenement\/circus-satourne\/\" class=\"si-list-grid-card-button si-btn-read\">Lire la suite<\/a>\r\n                                                            <a href=\"https:\/\/quaidesarts-maximum90.tuxedobillet.com\/\" target=\"_blank\" class=\"si-list-grid-card-button si-btn-buy\">Acheter en ligne<\/a>\r\n                                                    <\/div>\r\n\r\n                    <\/div>\r\n                <\/div>\r\n\r\n            \r\n                \r\n                <div class=\"si-list-grid-card\">\r\n\r\n                                            <div class=\"si-list-grid-card-category\">\r\n                            <h2>\r\n                                Music                            <\/h2>\r\n                        <\/div>\r\n                    \r\n                                            <div class=\"si-list-grid-card-image\">\r\n                            <a href=\"https:\/\/lavireetrad.com\/en\/evenement\/shows-mrc-avignon-stage\/\">\r\n                                <img loading=\"lazy\" decoding=\"async\" width=\"768\" height=\"691\" src=\"https:\/\/lavireetrad.com\/wp-content\/uploads\/2026\/08\/Scene_MRC_Avignon-1-768x691.webp\" class=\"si-list-grid-card-img wp-post-image\" alt=\"\" \/>                            <\/a>\r\n                        <\/div>\r\n                    \r\n                    <div class=\"si-list-grid-card-content\">\r\n\r\n                        <!-- STATUT -->\r\n\r\n                        <div class=\"si-list-grid-card-status-container\">\r\n                                                                                                            <\/div>\r\n\t\t\t\t\t\t\r\n\t\t\t\t\t\t                            <div class=\"si-list-grid-card-scene\">\r\n                                Sc\u00e8ne MRC Avignon                            <\/div>\r\n                         \r\n\r\n                        <h2 class=\"si-list-grid-card-artist\">\r\n                            <a href=\"https:\/\/lavireetrad.com\/en\/evenement\/shows-mrc-avignon-stage\/\">\r\n                                Shows | MRC Avignon Stage                            <\/a>\r\n                        <\/h2>\r\n\r\n                        \r\n\r\n                        \r\n\t\t\t\t\t\t\r\n                          <!--                              <div class=\"si-list-grid-card-scene\">\r\n                                Sc\u00e8ne MRC Avignon                            <\/div>\r\n                         -->\r\n                        \r\n\r\n                        <!-- <div class=\"si-list-grid-card-excerpt\"><p>Under the big top of the MRC Avignon stage, you can enjoy performances by Morgan Toney, J\u00e9r\u00f4me Cyr, Les Charbonniers de l\u2019enfer, D\u00e2vi Simard, Les Mercenaires du terroir and Dan\u00e7as Ocultas. Saturday, October 10 schedule: Around Noon: Morgan Toney Around 1:45 PM: J\u00e9r\u00f4me Cyr Around 3:45 PM: Les Charbonniers de l&#8217;enfer<\/p>\n<\/div>-->\r\n\r\n\r\n\r\n                        <div class=\"si-list-grid-card-buttons\">\r\n                            <a href=\"https:\/\/lavireetrad.com\/en\/evenement\/shows-mrc-avignon-stage\/\" class=\"si-list-grid-card-button si-btn-read\">Lire la suite<\/a>\r\n                                                            <a href=\"https:\/\/quaidesarts-maximum90.tuxedobillet.com\/\" target=\"_blank\" class=\"si-list-grid-card-button si-btn-buy\">Acheter en ligne<\/a>\r\n                                                    <\/div>\r\n\r\n                    <\/div>\r\n                <\/div>\r\n\r\n            \r\n                \r\n                <div class=\"si-list-grid-card\">\r\n\r\n                                            <div class=\"si-list-grid-card-category\">\r\n                            <h2>\r\n                                Family activity                            <\/h2>\r\n                        <\/div>\r\n                    \r\n                                            <div class=\"si-list-grid-card-image\">\r\n                            <a href=\"https:\/\/lavireetrad.com\/en\/evenement\/les-foutoukours\/\">\r\n                                <img loading=\"lazy\" decoding=\"async\" width=\"401\" height=\"361\" src=\"https:\/\/lavireetrad.com\/wp-content\/uploads\/2026\/08\/Les-Foutoukours-2.webp\" class=\"si-list-grid-card-img wp-post-image\" alt=\"\" srcset=\"https:\/\/lavireetrad.com\/wp-content\/uploads\/2026\/08\/Les-Foutoukours-2.webp 401w, https:\/\/lavireetrad.com\/wp-content\/uploads\/2026\/08\/Les-Foutoukours-2-300x270.webp 300w\" sizes=\"(max-width: 401px) 100vw, 401px\" \/>                            <\/a>\r\n                        <\/div>\r\n                    \r\n                    <div class=\"si-list-grid-card-content\">\r\n\r\n                        <!-- STATUT -->\r\n\r\n                        <div class=\"si-list-grid-card-status-container\">\r\n                                                                                                            <\/div>\r\n\t\t\t\t\t\t\r\n\t\t\t\t\t\t                            <div class=\"si-list-grid-card-scene\">\r\n                                Site ext\u00e9rieur du Quai des arts                            <\/div>\r\n                         \r\n\r\n                        <h2 class=\"si-list-grid-card-artist\">\r\n                            <a href=\"https:\/\/lavireetrad.com\/en\/evenement\/les-foutoukours\/\">\r\n                                Les Foutoukours                            <\/a>\r\n                        <\/h2>\r\n\r\n                                                    <div class=\"si-list-grid-card-show\">\r\n                                <h3>Roaming Shows<\/h3>\r\n                            <\/div>\r\n                        \r\n\r\n                        \r\n\t\t\t\t\t\t\r\n                          <!--                              <div class=\"si-list-grid-card-scene\">\r\n                                Site ext\u00e9rieur du Quai des arts                            <\/div>\r\n                         -->\r\n                        \r\n\r\n                        <!-- <div class=\"si-list-grid-card-excerpt\"><p>Acrobatic clown troupe, Les Foutoukours creates circus shows for dreamers and kids of all ages! They&#8217;ll be making a special appearance at the festival with magical entertainment, perfect for families and festival-goers, featuring stilts, bubbles, music, and characters!<\/p>\n<\/div>-->\r\n\r\n\r\n\r\n                        <div class=\"si-list-grid-card-buttons\">\r\n                            <a href=\"https:\/\/lavireetrad.com\/en\/evenement\/les-foutoukours\/\" class=\"si-list-grid-card-button si-btn-read\">Lire la suite<\/a>\r\n                                                            <a href=\"https:\/\/quaidesarts-maximum90.tuxedobillet.com\/\" target=\"_blank\" class=\"si-list-grid-card-button si-btn-buy\">Acheter en ligne<\/a>\r\n                                                    <\/div>\r\n\r\n                    <\/div>\r\n                <\/div>\r\n\r\n            \r\n                \r\n                <div class=\"si-list-grid-card\">\r\n\r\n                                            <div class=\"si-list-grid-card-category\">\r\n                            <h2>\r\n                                Music                            <\/h2>\r\n                        <\/div>\r\n                    \r\n                                            <div class=\"si-list-grid-card-image\">\r\n                            <a href=\"https:\/\/lavireetrad.com\/en\/evenement\/dancas-ocultas\/\">\r\n                                <img loading=\"lazy\" decoding=\"async\" width=\"768\" height=\"691\" src=\"https:\/\/lavireetrad.com\/wp-content\/uploads\/2026\/08\/Dancas_Ocultas-768x691.webp\" class=\"si-list-grid-card-img wp-post-image\" alt=\"\" \/>                            <\/a>\r\n                        <\/div>\r\n                    \r\n                    <div class=\"si-list-grid-card-content\">\r\n\r\n                        <!-- STATUT -->\r\n\r\n                        <div class=\"si-list-grid-card-status-container\">\r\n                                                                                                            <\/div>\r\n\t\t\t\t\t\t\r\n\t\t\t\t\t\t                            <div class=\"si-list-grid-card-scene\">\r\n                                Studio du Quai des arts                            <\/div>\r\n                         \r\n\r\n                        <h2 class=\"si-list-grid-card-artist\">\r\n                            <a href=\"https:\/\/lavireetrad.com\/en\/evenement\/dancas-ocultas\/\">\r\n                                Dan\u00e7as Ocultas                            <\/a>\r\n                        <\/h2>\r\n\r\n                                                    <div class=\"si-list-grid-card-show\">\r\n                                <h3>Inspirar<\/h3>\r\n                            <\/div>\r\n                        \r\n\r\n                        \r\n\t\t\t\t\t\t\r\n                          <!--                              <div class=\"si-list-grid-card-scene\">\r\n                                Studio du Quai des arts                            <\/div>\r\n                         -->\r\n                        \r\n\r\n                        <!-- <div class=\"si-list-grid-card-excerpt\"><p>Four accordionists from \u00c1gueda, Portugal, reinvent traditional music with captivating poetry and modernity. Renowned on major international stages, Dan\u00e7as Ocultas fascinates with its unique universe, at the crossroads of fado, tango nuevo, and chamber music. With their new album Inspirar\u2014which appears in the Top 10 of the European World Music Charts\u2014they offer a rare sensory [&hellip;]<\/p>\n<\/div>-->\r\n\r\n\r\n\r\n                        <div class=\"si-list-grid-card-buttons\">\r\n                            <a href=\"https:\/\/lavireetrad.com\/en\/evenement\/dancas-ocultas\/\" class=\"si-list-grid-card-button si-btn-read\">Lire la suite<\/a>\r\n                                                            <a href=\"https:\/\/quaidesarts-maximum90.tuxedobillet.com\/Maximum%2090\/flvt-2026-dancas-ocultas\" target=\"_blank\" class=\"si-list-grid-card-button si-btn-buy\">Acheter en ligne<\/a>\r\n                                                    <\/div>\r\n\r\n                    <\/div>\r\n                <\/div>\r\n\r\n            \r\n                \r\n                <div class=\"si-list-grid-card\">\r\n\r\n                                            <div class=\"si-list-grid-card-category\">\r\n                            <h2>\r\n                                Family activity                            <\/h2>\r\n                        <\/div>\r\n                    \r\n                                            <div class=\"si-list-grid-card-image\">\r\n                            <a href=\"https:\/\/lavireetrad.com\/en\/evenement\/les-foutoukours-3\/\">\r\n                                <img loading=\"lazy\" decoding=\"async\" width=\"768\" height=\"691\" src=\"https:\/\/lavireetrad.com\/wp-content\/uploads\/2026\/08\/Foutoukours-768x691.webp\" class=\"si-list-grid-card-img wp-post-image\" alt=\"\" \/>                            <\/a>\r\n                        <\/div>\r\n                    \r\n                    <div class=\"si-list-grid-card-content\">\r\n\r\n                        <!-- STATUT -->\r\n\r\n                        <div class=\"si-list-grid-card-status-container\">\r\n                                                                                                            <\/div>\r\n\t\t\t\t\t\t\r\n\t\t\t\t\t\t                            <div class=\"si-list-grid-card-scene\">\r\n                                Site ext\u00e9rieur du Quai des arts                            <\/div>\r\n                         \r\n\r\n                        <h2 class=\"si-list-grid-card-artist\">\r\n                            <a href=\"https:\/\/lavireetrad.com\/en\/evenement\/les-foutoukours-3\/\">\r\n                                Les Foutoukours                            <\/a>\r\n                        <\/h2>\r\n\r\n                                                    <div class=\"si-list-grid-card-show\">\r\n                                <h3>Roaming Shows<\/h3>\r\n                            <\/div>\r\n                        \r\n\r\n                        \r\n\t\t\t\t\t\t\r\n                          <!--                              <div class=\"si-list-grid-card-scene\">\r\n                                Site ext\u00e9rieur du Quai des arts                            <\/div>\r\n                         -->\r\n                        \r\n\r\n                        <!-- <div class=\"si-list-grid-card-excerpt\"><p>Acrobatic clown troupe, Les Foutoukours creates circus shows for dreamers and kids of all ages! They&#8217;ll be making a special appearance at the festival with magical entertainment, perfect for families and festival-goers, featuring stilts, bubbles, music, and characters!<\/p>\n<\/div>-->\r\n\r\n\r\n\r\n                        <div class=\"si-list-grid-card-buttons\">\r\n                            <a href=\"https:\/\/lavireetrad.com\/en\/evenement\/les-foutoukours-3\/\" class=\"si-list-grid-card-button si-btn-read\">Lire la suite<\/a>\r\n                                                            <a href=\"https:\/\/quaidesarts-maximum90.tuxedobillet.com\/\" target=\"_blank\" class=\"si-list-grid-card-button si-btn-buy\">Acheter en ligne<\/a>\r\n                                                    <\/div>\r\n\r\n                    <\/div>\r\n                <\/div>\r\n\r\n            \r\n                \r\n                <div class=\"si-list-grid-card\">\r\n\r\n                                            <div class=\"si-list-grid-card-category\">\r\n                            <h2>\r\n                                Conference                            <\/h2>\r\n                        <\/div>\r\n                    \r\n                                            <div class=\"si-list-grid-card-image\">\r\n                            <a href=\"https:\/\/lavireetrad.com\/en\/evenement\/film-screening-and-talk-with-andre-gladu\/\">\r\n                                <img loading=\"lazy\" decoding=\"async\" width=\"768\" height=\"691\" src=\"https:\/\/lavireetrad.com\/wp-content\/uploads\/2026\/08\/Andre-Gladu-768x691.webp\" class=\"si-list-grid-card-img wp-post-image\" alt=\"\" \/>                            <\/a>\r\n                        <\/div>\r\n                    \r\n                    <div class=\"si-list-grid-card-content\">\r\n\r\n                        <!-- STATUT -->\r\n\r\n                        <div class=\"si-list-grid-card-status-container\">\r\n                                                                                                                    <div class=\"si-list-grid-card-status si-status-gratuit\">\r\n                                    <p>Gratuit<\/p>\r\n                                <\/div>\r\n                                                    <\/div>\r\n\t\t\t\t\t\t\r\n\t\t\t\t\t\t                            <div class=\"si-list-grid-card-scene\">\r\n                                Foyer du Quai des arts                            <\/div>\r\n                         \r\n\r\n                        <h2 class=\"si-list-grid-card-artist\">\r\n                            <a href=\"https:\/\/lavireetrad.com\/en\/evenement\/film-screening-and-talk-with-andre-gladu\/\">\r\n                                Film Screening and Talk with Andr\u00e9 Gladu                            <\/a>\r\n                        <\/h2>\r\n\r\n                                                    <div class=\"si-list-grid-card-show\">\r\n                                <h3>Le qu\u00eateux Tremblay<\/h3>\r\n                            <\/div>\r\n                        \r\n\r\n                        \r\n\t\t\t\t\t\t\r\n                          <!--                              <div class=\"si-list-grid-card-scene\">\r\n                                Foyer du Quai des arts                            <\/div>\r\n                         -->\r\n                        \r\n\r\n                        <!-- <div class=\"si-list-grid-card-excerpt\"><p>A major figure in Quebec documentary cinema, producer and director Andr\u00e9 Gladu has had a remarkable career in preserving the oral heritage of Quebec and French-speaking communities across North America. He has made an impressive number of documentary films, many of which have won awards at national and international festivals. His major contribution, Le son [&hellip;]<\/p>\n<\/div>-->\r\n\r\n\r\n\r\n                        <div class=\"si-list-grid-card-buttons\">\r\n                            <a href=\"https:\/\/lavireetrad.com\/en\/evenement\/film-screening-and-talk-with-andre-gladu\/\" class=\"si-list-grid-card-button si-btn-read\">Lire la suite<\/a>\r\n                                                    <\/div>\r\n\r\n                    <\/div>\r\n                <\/div>\r\n\r\n            \r\n                \r\n                <div class=\"si-list-grid-card\">\r\n\r\n                                            <div class=\"si-list-grid-card-category\">\r\n                            <h2>\r\n                                Dance                            <\/h2>\r\n                        <\/div>\r\n                    \r\n                                            <div class=\"si-list-grid-card-image\">\r\n                            <a href=\"https:\/\/lavireetrad.com\/en\/evenement\/traditional-dance-evening\/\">\r\n                                <img loading=\"lazy\" decoding=\"async\" width=\"768\" height=\"691\" src=\"https:\/\/lavireetrad.com\/wp-content\/uploads\/2026\/08\/Veillee-de-danse-768x691.webp\" class=\"si-list-grid-card-img wp-post-image\" alt=\"\" \/>                            <\/a>\r\n                        <\/div>\r\n                    \r\n                    <div class=\"si-list-grid-card-content\">\r\n\r\n                        <!-- STATUT -->\r\n\r\n                        <div class=\"si-list-grid-card-status-container\">\r\n                                                                                                            <\/div>\r\n\t\t\t\t\t\t\r\n\t\t\t\t\t\t                            <div class=\"si-list-grid-card-scene\">\r\n                                Centre des congr\u00e8s                            <\/div>\r\n                         \r\n\r\n                        <h2 class=\"si-list-grid-card-artist\">\r\n                            <a href=\"https:\/\/lavireetrad.com\/en\/evenement\/traditional-dance-evening\/\">\r\n                                Traditional Dance Evening                            <\/a>\r\n                        <\/h2>\r\n\r\n                                                    <div class=\"si-list-grid-card-show\">\r\n                                <h3>Les Mercenaires du terroir with H\u00e9l\u00e8ne Gaulin calling<\/h3>\r\n                            <\/div>\r\n                        \r\n\r\n                        \r\n\t\t\t\t\t\t\r\n                          <!--                              <div class=\"si-list-grid-card-scene\">\r\n                                Centre des congr\u00e8s                            <\/div>\r\n                         -->\r\n                        \r\n\r\n                        <!-- <div class=\"si-list-grid-card-excerpt\"><p>Gathered around the work of Robert Legault, a musician still considered today as one of Quebec&#8217;s greatest harmonica players, Les Mercenaires du terroir is composed of four essential multi-instrumentists from the trad scene: David Brunelle (harmonica, fiddle), Andr\u00e9 Marchand (guitar), D\u00e2vi Simard (fiddle, feet) and Louis-Simon Lemieux (fiddle, harmonica, guitar, feet). Known for the refinement [&hellip;]<\/p>\n<\/div>-->\r\n\r\n\r\n\r\n                        <div class=\"si-list-grid-card-buttons\">\r\n                            <a href=\"https:\/\/lavireetrad.com\/en\/evenement\/traditional-dance-evening\/\" class=\"si-list-grid-card-button si-btn-read\">Lire la suite<\/a>\r\n                                                            <a href=\"https:\/\/quaidesarts-maximum90.tuxedobillet.com\/\" target=\"_blank\" class=\"si-list-grid-card-button si-btn-buy\">Acheter en ligne<\/a>\r\n                                                    <\/div>\r\n\r\n                    <\/div>\r\n                <\/div>\r\n\r\n            \r\n                \r\n                <div class=\"si-list-grid-card\">\r\n\r\n                                            <div class=\"si-list-grid-card-category\">\r\n                            <h2>\r\n                                Music                            <\/h2>\r\n                        <\/div>\r\n                    \r\n                                            <div class=\"si-list-grid-card-image\">\r\n                            <a href=\"https:\/\/lavireetrad.com\/en\/evenement\/dj-daovee\/\">\r\n                                <img loading=\"lazy\" decoding=\"async\" width=\"768\" height=\"691\" src=\"https:\/\/lavireetrad.com\/wp-content\/uploads\/2026\/08\/DJ-DaOvee-768x691.webp\" class=\"si-list-grid-card-img wp-post-image\" alt=\"\" \/>                            <\/a>\r\n                        <\/div>\r\n                    \r\n                    <div class=\"si-list-grid-card-content\">\r\n\r\n                        <!-- STATUT -->\r\n\r\n                        <div class=\"si-list-grid-card-status-container\">\r\n                                                                                                            <\/div>\r\n\t\t\t\t\t\t\r\n\t\t\t\t\t\t                            <div class=\"si-list-grid-card-scene\">\r\n                                Le Naufrageur                            <\/div>\r\n                         \r\n\r\n                        <h2 class=\"si-list-grid-card-artist\">\r\n                            <a href=\"https:\/\/lavireetrad.com\/en\/evenement\/dj-daovee\/\">\r\n                                DJ Daovee                            <\/a>\r\n                        <\/h2>\r\n\r\n                                                    <div class=\"si-list-grid-card-show\">\r\n                                <h3>R&#039;trimage<\/h3>\r\n                            <\/div>\r\n                        \r\n\r\n                        \r\n\t\t\t\t\t\t\r\n                          <!--                              <div class=\"si-list-grid-card-scene\">\r\n                                Le Naufrageur                            <\/div>\r\n                         -->\r\n                        \r\n\r\n                        <!-- <div class=\"si-list-grid-card-excerpt\"><p>Following the success of his performance at the festival last year, we&#8217;re treating ourselves for this 25th edition by inviting D\u00e2vi Simard to give us another wild night to close things out! A backroad DJ who grew up absorbing the rhythms of his father&#8217;s mobile disco, DaOvee boldly blends the heritage of traditional music&#8217;s past [&hellip;]<\/p>\n<\/div>-->\r\n\r\n\r\n\r\n                        <div class=\"si-list-grid-card-buttons\">\r\n                            <a href=\"https:\/\/lavireetrad.com\/en\/evenement\/dj-daovee\/\" class=\"si-list-grid-card-button si-btn-read\">Lire la suite<\/a>\r\n                                                            <a href=\"https:\/\/quaidesarts-maximum90.tuxedobillet.com\/Maximum%2090\/flvt-2026-daovee\" target=\"_blank\" class=\"si-list-grid-card-button si-btn-buy\">Acheter en ligne<\/a>\r\n                                                    <\/div>\r\n\r\n                    <\/div>\r\n                <\/div>\r\n\r\n            \r\n                \r\n                <div class=\"si-list-grid-card\">\r\n\r\n                                            <div class=\"si-list-grid-card-category\">\r\n                            <h2>\r\n                                Family activity                            <\/h2>\r\n                        <\/div>\r\n                    \r\n                                            <div class=\"si-list-grid-card-image\">\r\n                            <a href=\"https:\/\/lavireetrad.com\/en\/evenement\/farmers-market\/\">\r\n                                <img loading=\"lazy\" decoding=\"async\" width=\"768\" height=\"691\" src=\"https:\/\/lavireetrad.com\/wp-content\/uploads\/2026\/08\/Marche-public-2-768x691.webp\" class=\"si-list-grid-card-img wp-post-image\" alt=\"\" \/>                            <\/a>\r\n                        <\/div>\r\n                    \r\n                    <div class=\"si-list-grid-card-content\">\r\n\r\n                        <!-- STATUT -->\r\n\r\n                        <div class=\"si-list-grid-card-status-container\">\r\n                                                                                                            <\/div>\r\n\t\t\t\t\t\t\r\n\t\t\t\t\t\t                            <div class=\"si-list-grid-card-scene\">\r\n                                Site ext\u00e9rieur du Quai des arts                            <\/div>\r\n                         \r\n\r\n                        <h2 class=\"si-list-grid-card-artist\">\r\n                            <a href=\"https:\/\/lavireetrad.com\/en\/evenement\/farmers-market\/\">\r\n                                Public Market                            <\/a>\r\n                        <\/h2>\r\n\r\n                        \r\n\r\n                        \r\n\t\t\t\t\t\t\r\n                          <!--                              <div class=\"si-list-grid-card-scene\">\r\n                                Site ext\u00e9rieur du Quai des arts                            <\/div>\r\n                         -->\r\n                        \r\n\r\n                        <!-- <div class=\"si-list-grid-card-excerpt\"><p>The La Vir\u00e9e Trad festival continues to showcase Gasp\u00e9sie&#8217;s agri-food products and crafts. Freshness, flavors, tastings, and local sourcing are on the agenda at the region&#8217;s largest farmers&#8217; market, bringing together over 56 exhibitors ready to share their expertise with you.<\/p>\n<\/div>-->\r\n\r\n\r\n\r\n                        <div class=\"si-list-grid-card-buttons\">\r\n                            <a href=\"https:\/\/lavireetrad.com\/en\/evenement\/farmers-market\/\" class=\"si-list-grid-card-button si-btn-read\">Lire la suite<\/a>\r\n                                                            <a href=\"https:\/\/quaidesarts-maximum90.tuxedobillet.com\/\" target=\"_blank\" class=\"si-list-grid-card-button si-btn-buy\">Acheter en ligne<\/a>\r\n                                                    <\/div>\r\n\r\n                    <\/div>\r\n                <\/div>\r\n\r\n            \r\n                \r\n                <div class=\"si-list-grid-card\">\r\n\r\n                                            <div class=\"si-list-grid-card-category\">\r\n                            <h2>\r\n                                Workshop                            <\/h2>\r\n                        <\/div>\r\n                    \r\n                                            <div class=\"si-list-grid-card-image\">\r\n                            <a href=\"https:\/\/lavireetrad.com\/en\/evenement\/podorythmy-workshop\/\">\r\n                                <img loading=\"lazy\" decoding=\"async\" width=\"768\" height=\"691\" src=\"https:\/\/lavireetrad.com\/wp-content\/uploads\/2026\/08\/Michel-Bordeleau-768x691.webp\" class=\"si-list-grid-card-img wp-post-image\" alt=\"\" \/>                            <\/a>\r\n                        <\/div>\r\n                    \r\n                    <div class=\"si-list-grid-card-content\">\r\n\r\n                        <!-- STATUT -->\r\n\r\n                        <div class=\"si-list-grid-card-status-container\">\r\n                                                                                                                    <div class=\"si-list-grid-card-status si-status-gratuit\">\r\n                                    <p>Gratuit<\/p>\r\n                                <\/div>\r\n                                                    <\/div>\r\n\t\t\t\t\t\t\r\n\t\t\t\t\t\t                            <div class=\"si-list-grid-card-scene\">\r\n                                Salle de r\u00e9p\u00e9tition                            <\/div>\r\n                         \r\n\r\n                        <h2 class=\"si-list-grid-card-artist\">\r\n                            <a href=\"https:\/\/lavireetrad.com\/en\/evenement\/podorythmy-workshop\/\">\r\n                                Podorythmy Workshop                            <\/a>\r\n                        <\/h2>\r\n\r\n                                                    <div class=\"si-list-grid-card-show\">\r\n                                <h3>With Michel Bordeleau<\/h3>\r\n                            <\/div>\r\n                        \r\n\r\n                        \r\n\t\t\t\t\t\t\r\n                          <!--                              <div class=\"si-list-grid-card-scene\">\r\n                                Salle de r\u00e9p\u00e9tition                            <\/div>\r\n                         -->\r\n                        \r\n\r\n                        <!-- <div class=\"si-list-grid-card-excerpt\"><p>This Sunday morning, Michel Bordeleau will offer a free introductory podorythmy workshop. Come learn, discover, or rediscover the art of foot tapping to the rhythm! No prior experience is required: whether you are a beginner or initiated, everyone is welcome! Michel Bordeleau is a multi-instrumentalist and singer: guitar, mandolin, banjo, violin, percussion, and podorythmy. Active [&hellip;]<\/p>\n<\/div>-->\r\n\r\n\r\n\r\n                        <div class=\"si-list-grid-card-buttons\">\r\n                            <a href=\"https:\/\/lavireetrad.com\/en\/evenement\/podorythmy-workshop\/\" class=\"si-list-grid-card-button si-btn-read\">Lire la suite<\/a>\r\n                                                    <\/div>\r\n\r\n                    <\/div>\r\n                <\/div>\r\n\r\n            \r\n                \r\n                <div class=\"si-list-grid-card\">\r\n\r\n                                            <div class=\"si-list-grid-card-category\">\r\n                            <h2>\r\n                                Workshop                            <\/h2>\r\n                        <\/div>\r\n                    \r\n                                            <div class=\"si-list-grid-card-image\">\r\n                            <a href=\"https:\/\/lavireetrad.com\/en\/evenement\/introduction-to-jigging\/\">\r\n                                <img loading=\"lazy\" decoding=\"async\" width=\"768\" height=\"691\" src=\"https:\/\/lavireetrad.com\/wp-content\/uploads\/2026\/08\/Gigue-768x691.webp\" class=\"si-list-grid-card-img wp-post-image\" alt=\"\" \/>                            <\/a>\r\n                        <\/div>\r\n                    \r\n                    <div class=\"si-list-grid-card-content\">\r\n\r\n                        <!-- STATUT -->\r\n\r\n                        <div class=\"si-list-grid-card-status-container\">\r\n                                                                                                                    <div class=\"si-list-grid-card-status si-status-gratuit\">\r\n                                    <p>Gratuit<\/p>\r\n                                <\/div>\r\n                                                    <\/div>\r\n\t\t\t\t\t\t\r\n\t\t\t\t\t\t                            <div class=\"si-list-grid-card-scene\">\r\n                                Studio du Quai des arts                            <\/div>\r\n                         \r\n\r\n                        <h2 class=\"si-list-grid-card-artist\">\r\n                            <a href=\"https:\/\/lavireetrad.com\/en\/evenement\/introduction-to-jigging\/\">\r\n                                Introduction to Jigging                            <\/a>\r\n                        <\/h2>\r\n\r\n                                                    <div class=\"si-list-grid-card-show\">\r\n                                <h3>With Ya\u00eblle Azoulay<\/h3>\r\n                            <\/div>\r\n                        \r\n\r\n                                                    <div class=\"si-list-grid-card-date\">\r\n                                <p class=\"list-date\">\r\n                                    Sunday 11 October 2026                                <\/p>\r\n                                                                    <p class=\"list-heure\">11:00<\/p>\r\n                                                            <\/div>\r\n                        \r\n\t\t\t\t\t\t\r\n                          <!--                              <div class=\"si-list-grid-card-scene\">\r\n                                Studio du Quai des arts                            <\/div>\r\n                         -->\r\n                        \r\n\r\n                        <!-- <div class=\"si-list-grid-card-excerpt\"><p>During this 60-minute workshop for all ages, Ya\u00eblle Azoulay will teach you the basics of Quebec jigging by exploring various rhythms and foot movements. Comfortable shoes required (leather soles suggested). Ya\u00eblle Azoulay has been active in the dance world for over 25 years. A performer\/choreographer in contemporary jigging, she has taught in numerous contexts around [&hellip;]<\/p>\n<\/div>-->\r\n\r\n\r\n\r\n                        <div class=\"si-list-grid-card-buttons\">\r\n                            <a href=\"https:\/\/lavireetrad.com\/en\/evenement\/introduction-to-jigging\/\" class=\"si-list-grid-card-button si-btn-read\">Lire la suite<\/a>\r\n                                                    <\/div>\r\n\r\n                    <\/div>\r\n                <\/div>\r\n\r\n            \r\n                \r\n                <div class=\"si-list-grid-card\">\r\n\r\n                                            <div class=\"si-list-grid-card-category\">\r\n                            <h2>\r\n                                Music                            <\/h2>\r\n                        <\/div>\r\n                    \r\n                                            <div class=\"si-list-grid-card-image\">\r\n                            <a href=\"https:\/\/lavireetrad.com\/en\/evenement\/shows-mrc-avignon-stage-2\/\">\r\n                                <img loading=\"lazy\" decoding=\"async\" width=\"768\" height=\"691\" src=\"https:\/\/lavireetrad.com\/wp-content\/uploads\/2026\/08\/Scene_MRC_Avignon-2-768x691.webp\" class=\"si-list-grid-card-img wp-post-image\" alt=\"\" \/>                            <\/a>\r\n                        <\/div>\r\n                    \r\n                    <div class=\"si-list-grid-card-content\">\r\n\r\n                        <!-- STATUT -->\r\n\r\n                        <div class=\"si-list-grid-card-status-container\">\r\n                                                                                                            <\/div>\r\n\t\t\t\t\t\t\r\n\t\t\t\t\t\t                            <div class=\"si-list-grid-card-scene\">\r\n                                Sc\u00e8ne MRC Avignon                            <\/div>\r\n                         \r\n\r\n                        <h2 class=\"si-list-grid-card-artist\">\r\n                            <a href=\"https:\/\/lavireetrad.com\/en\/evenement\/shows-mrc-avignon-stage-2\/\">\r\n                                Shows | MRC Avignon Stage                            <\/a>\r\n                        <\/h2>\r\n\r\n                        \r\n\r\n                        \r\n\t\t\t\t\t\t\r\n                          <!--                              <div class=\"si-list-grid-card-scene\">\r\n                                Sc\u00e8ne MRC Avignon                            <\/div>\r\n                         -->\r\n                        \r\n\r\n                        <!-- <div class=\"si-list-grid-card-excerpt\"><p>Under the big top of the MRC Avignon stage, you can enjoy performances by Morgan Toney, J\u00e9r\u00f4me Cyr, Les Charbonniers de l\u2019enfer, D\u00e2vi Simard, Les Mercenaires du terroir and Dan\u00e7as Ocultas. Program for Sunday, October 11: Around Noon: D\u00e2vi Simard Around 1:45 PM: Les Mercenaires du terroir Around 3:45 PM: Dan\u00e7as Ocultas<\/p>\n<\/div>-->\r\n\r\n\r\n\r\n                        <div class=\"si-list-grid-card-buttons\">\r\n                            <a href=\"https:\/\/lavireetrad.com\/en\/evenement\/shows-mrc-avignon-stage-2\/\" class=\"si-list-grid-card-button si-btn-read\">Lire la suite<\/a>\r\n                                                            <a href=\"https:\/\/quaidesarts-maximum90.tuxedobillet.com\/\" target=\"_blank\" class=\"si-list-grid-card-button si-btn-buy\">Acheter en ligne<\/a>\r\n                                                    <\/div>\r\n\r\n                    <\/div>\r\n                <\/div>\r\n\r\n            \r\n                \r\n                <div class=\"si-list-grid-card\">\r\n\r\n                                            <div class=\"si-list-grid-card-category\">\r\n                            <h2>\r\n                                Family activity                            <\/h2>\r\n                        <\/div>\r\n                    \r\n                                            <div class=\"si-list-grid-card-image\">\r\n                            <a href=\"https:\/\/lavireetrad.com\/en\/evenement\/cirque-satourne\/\">\r\n                                <img loading=\"lazy\" decoding=\"async\" width=\"768\" height=\"691\" src=\"https:\/\/lavireetrad.com\/wp-content\/uploads\/2026\/08\/Cirque-Satourne-2-768x691.webp\" class=\"si-list-grid-card-img wp-post-image\" alt=\"\" \/>                            <\/a>\r\n                        <\/div>\r\n                    \r\n                    <div class=\"si-list-grid-card-content\">\r\n\r\n                        <!-- STATUT -->\r\n\r\n                        <div class=\"si-list-grid-card-status-container\">\r\n                                                                                                            <\/div>\r\n\t\t\t\t\t\t\r\n\t\t\t\t\t\t                            <div class=\"si-list-grid-card-scene\">\r\n                                Site ext\u00e9rieur du Quai des arts                            <\/div>\r\n                         \r\n\r\n                        <h2 class=\"si-list-grid-card-artist\">\r\n                            <a href=\"https:\/\/lavireetrad.com\/en\/evenement\/cirque-satourne\/\">\r\n                                Cirque Satourne                            <\/a>\r\n                        <\/h2>\r\n\r\n                                                    <div class=\"si-list-grid-card-show\">\r\n                                <h3>Kids&#039; entertainment<\/h3>\r\n                            <\/div>\r\n                        \r\n\r\n                        \r\n\t\t\t\t\t\t\r\n                          <!--                              <div class=\"si-list-grid-card-scene\">\r\n                                Site ext\u00e9rieur du Quai des arts                            <\/div>\r\n                         -->\r\n                        \r\n\r\n                        <!-- <div class=\"si-list-grid-card-excerpt\"><p>The Satourne circus school offers introductory circus arts workshops for kids and big kids alike. Through a small circuit, participants, assisted by enthusiastic instructors, can experiment and explore object manipulation (clubs, flower sticks, diabolos, balls, spinning plates, staff, hula hoop, poi) and balance (stilts, unicycle, slackline, pogo stick, clown bike and gentleman bike).<\/p>\n<\/div>-->\r\n\r\n\r\n\r\n                        <div class=\"si-list-grid-card-buttons\">\r\n                            <a href=\"https:\/\/lavireetrad.com\/en\/evenement\/cirque-satourne\/\" class=\"si-list-grid-card-button si-btn-read\">Lire la suite<\/a>\r\n                                                            <a href=\"https:\/\/quaidesarts-maximum90.tuxedobillet.com\/\" target=\"_blank\" class=\"si-list-grid-card-button si-btn-buy\">Acheter en ligne<\/a>\r\n                                                    <\/div>\r\n\r\n                    <\/div>\r\n                <\/div>\r\n\r\n            \r\n                \r\n                <div class=\"si-list-grid-card\">\r\n\r\n                                            <div class=\"si-list-grid-card-category\">\r\n                            <h2>\r\n                                Music                            <\/h2>\r\n                        <\/div>\r\n                    \r\n                                            <div class=\"si-list-grid-card-image\">\r\n                            <a href=\"https:\/\/lavireetrad.com\/en\/evenement\/folklore-gathering\/\">\r\n                                <img loading=\"lazy\" decoding=\"async\" width=\"768\" height=\"691\" src=\"https:\/\/lavireetrad.com\/wp-content\/uploads\/2026\/08\/Rencontre-768x691.webp\" class=\"si-list-grid-card-img wp-post-image\" alt=\"\" \/>                            <\/a>\r\n                        <\/div>\r\n                    \r\n                    <div class=\"si-list-grid-card-content\">\r\n\r\n                        <!-- STATUT -->\r\n\r\n                        <div class=\"si-list-grid-card-status-container\">\r\n                                                                                                            <\/div>\r\n\t\t\t\t\t\t\r\n\t\t\t\t\t\t                            <div class=\"si-list-grid-card-scene\">\r\n                                Studio du Quai des arts                            <\/div>\r\n                         \r\n\r\n                        <h2 class=\"si-list-grid-card-artist\">\r\n                            <a href=\"https:\/\/lavireetrad.com\/en\/evenement\/folklore-gathering\/\">\r\n                                Folklore Gathering                            <\/a>\r\n                        <\/h2>\r\n\r\n                                                    <div class=\"si-list-grid-card-show\">\r\n                                <h3>With Ya\u00eblle Azoulay and Michel Faubert<\/h3>\r\n                            <\/div>\r\n                        \r\n\r\n                                                    <div class=\"si-list-grid-card-date\">\r\n                                <p class=\"list-date\">\r\n                                    Sunday 11 October 2026                                <\/p>\r\n                                                                    <p class=\"list-heure\">13:00<\/p>\r\n                                                            <\/div>\r\n                        \r\n\t\t\t\t\t\t\r\n                          <!--                              <div class=\"si-list-grid-card-scene\">\r\n                                Studio du Quai des arts                            <\/div>\r\n                         -->\r\n                        \r\n\r\n                        <!-- <div class=\"si-list-grid-card-excerpt\"><p>During this co-hosted gathering with Ya\u00eblle Azoulay and Michel Faubert, musicians, singers, step dancers, and foot tappers from Gasp\u00e9sie and beyond will take the stage at the Studio at Quai des arts to treat you to an afternoon with the rhythm of evenings from days gone by. The musicians will be joined by Sylvain Landry [&hellip;]<\/p>\n<\/div>-->\r\n\r\n\r\n\r\n                        <div class=\"si-list-grid-card-buttons\">\r\n                            <a href=\"https:\/\/lavireetrad.com\/en\/evenement\/folklore-gathering\/\" class=\"si-list-grid-card-button si-btn-read\">Lire la suite<\/a>\r\n                                                            <a href=\"https:\/\/quaidesarts-maximum90.tuxedobillet.com\/\" target=\"_blank\" class=\"si-list-grid-card-button si-btn-buy\">Acheter en ligne<\/a>\r\n                                                    <\/div>\r\n\r\n                    <\/div>\r\n                <\/div>\r\n\r\n            \r\n                \r\n                <div class=\"si-list-grid-card\">\r\n\r\n                                            <div class=\"si-list-grid-card-category\">\r\n                            <h2>\r\n                                Family activity                            <\/h2>\r\n                        <\/div>\r\n                    \r\n                                            <div class=\"si-list-grid-card-image\">\r\n                            <a href=\"https:\/\/lavireetrad.com\/en\/evenement\/les-foutoukours-2\/\">\r\n                                <img loading=\"lazy\" decoding=\"async\" width=\"768\" height=\"691\" src=\"https:\/\/lavireetrad.com\/wp-content\/uploads\/2026\/08\/Foutoukours-768x691.webp\" class=\"si-list-grid-card-img wp-post-image\" alt=\"\" \/>                            <\/a>\r\n                        <\/div>\r\n                    \r\n                    <div class=\"si-list-grid-card-content\">\r\n\r\n                        <!-- STATUT -->\r\n\r\n                        <div class=\"si-list-grid-card-status-container\">\r\n                                                                                                            <\/div>\r\n\t\t\t\t\t\t\r\n\t\t\t\t\t\t                            <div class=\"si-list-grid-card-scene\">\r\n                                Site ext\u00e9rieur du Quai des arts                            <\/div>\r\n                         \r\n\r\n                        <h2 class=\"si-list-grid-card-artist\">\r\n                            <a href=\"https:\/\/lavireetrad.com\/en\/evenement\/les-foutoukours-2\/\">\r\n                                Les Foutoukours                            <\/a>\r\n                        <\/h2>\r\n\r\n                                                    <div class=\"si-list-grid-card-show\">\r\n                                <h3>Roaming Shows<\/h3>\r\n                            <\/div>\r\n                        \r\n\r\n                        \r\n\t\t\t\t\t\t\r\n                          <!--                              <div class=\"si-list-grid-card-scene\">\r\n                                Site ext\u00e9rieur du Quai des arts                            <\/div>\r\n                         -->\r\n                        \r\n\r\n                        <!-- <div class=\"si-list-grid-card-excerpt\"><p>Acrobatic clown troupe, Les Foutoukours creates circus shows for dreamers and kids of all ages! They&#8217;ll be making a special appearance at the festival with magical entertainment, perfect for families and festival-goers, featuring stilts, bubbles, music, and characters!<\/p>\n<\/div>-->\r\n\r\n\r\n\r\n                        <div class=\"si-list-grid-card-buttons\">\r\n                            <a href=\"https:\/\/lavireetrad.com\/en\/evenement\/les-foutoukours-2\/\" class=\"si-list-grid-card-button si-btn-read\">Lire la suite<\/a>\r\n                                                            <a href=\"https:\/\/quaidesarts-maximum90.tuxedobillet.com\/\" target=\"_blank\" class=\"si-list-grid-card-button si-btn-buy\">Acheter en ligne<\/a>\r\n                                                    <\/div>\r\n\r\n                    <\/div>\r\n                <\/div>\r\n\r\n            \r\n                \r\n                <div class=\"si-list-grid-card\">\r\n\r\n                                            <div class=\"si-list-grid-card-category\">\r\n                            <h2>\r\n                                Conference                            <\/h2>\r\n                        <\/div>\r\n                    \r\n                                            <div class=\"si-list-grid-card-image\">\r\n                            <a href=\"https:\/\/lavireetrad.com\/en\/evenement\/film-screening-with-discussion-andre-gladu\/\">\r\n                                <img loading=\"lazy\" decoding=\"async\" width=\"768\" height=\"691\" src=\"https:\/\/lavireetrad.com\/wp-content\/uploads\/2026\/08\/Andre-Gladu-768x691.webp\" class=\"si-list-grid-card-img wp-post-image\" alt=\"\" \/>                            <\/a>\r\n                        <\/div>\r\n                    \r\n                    <div class=\"si-list-grid-card-content\">\r\n\r\n                        <!-- STATUT -->\r\n\r\n                        <div class=\"si-list-grid-card-status-container\">\r\n                                                                                                                    <div class=\"si-list-grid-card-status si-status-gratuit\">\r\n                                    <p>Gratuit<\/p>\r\n                                <\/div>\r\n                                                    <\/div>\r\n\t\t\t\t\t\t\r\n\t\t\t\t\t\t                            <div class=\"si-list-grid-card-scene\">\r\n                                Foyer du Quai des arts                            <\/div>\r\n                         \r\n\r\n                        <h2 class=\"si-list-grid-card-artist\">\r\n                            <a href=\"https:\/\/lavireetrad.com\/en\/evenement\/film-screening-with-discussion-andre-gladu\/\">\r\n                                Film Screening and Talk with Andr\u00e9 Gladu                            <\/a>\r\n                        <\/h2>\r\n\r\n                                                    <div class=\"si-list-grid-card-show\">\r\n                                <h3>Faut pas l&#039;dire!<\/h3>\r\n                            <\/div>\r\n                        \r\n\r\n                        \r\n\t\t\t\t\t\t\r\n                          <!--                              <div class=\"si-list-grid-card-scene\">\r\n                                Foyer du Quai des arts                            <\/div>\r\n                         -->\r\n                        \r\n\r\n                        <!-- <div class=\"si-list-grid-card-excerpt\"><p>A major figure in Quebec documentary cinema, producer and director Andr\u00e9 Gladu has had a remarkable career in preserving the oral heritage of Quebec and French-speaking communities across the Americas. He has made an impressive number of documentary films, several of which have won awards at national and international festivals. His major contribution, Le son [&hellip;]<\/p>\n<\/div>-->\r\n\r\n\r\n\r\n                        <div class=\"si-list-grid-card-buttons\">\r\n                            <a href=\"https:\/\/lavireetrad.com\/en\/evenement\/film-screening-with-discussion-andre-gladu\/\" class=\"si-list-grid-card-button si-btn-read\">Lire la suite<\/a>\r\n                                                    <\/div>\r\n\r\n                    <\/div>\r\n                <\/div>\r\n\r\n            \r\n                \r\n                <div class=\"si-list-grid-card\">\r\n\r\n                                            <div class=\"si-list-grid-card-category\">\r\n                            <h2>\r\n                                Song                            <\/h2>\r\n                        <\/div>\r\n                    \r\n                                            <div class=\"si-list-grid-card-image\">\r\n                            <a href=\"https:\/\/lavireetrad.com\/en\/evenement\/les-charbonniers-de-lenfer\/\">\r\n                                <img loading=\"lazy\" decoding=\"async\" width=\"768\" height=\"691\" src=\"https:\/\/lavireetrad.com\/wp-content\/uploads\/2026\/08\/Les-Charbonniers-768x691.webp\" class=\"si-list-grid-card-img wp-post-image\" alt=\"\" \/>                            <\/a>\r\n                        <\/div>\r\n                    \r\n                    <div class=\"si-list-grid-card-content\">\r\n\r\n                        <!-- STATUT -->\r\n\r\n                        <div class=\"si-list-grid-card-status-container\">\r\n                                                                                                            <\/div>\r\n\t\t\t\t\t\t\r\n\t\t\t\t\t\t                            <div class=\"si-list-grid-card-scene\">\r\n                                Studio du Quai des arts                            <\/div>\r\n                         \r\n\r\n                        <h2 class=\"si-list-grid-card-artist\">\r\n                            <a href=\"https:\/\/lavireetrad.com\/en\/evenement\/les-charbonniers-de-lenfer\/\">\r\n                                Les Charbonniers de l&#8217;enfer                            <\/a>\r\n                        <\/h2>\r\n\r\n                                                    <div class=\"si-list-grid-card-show\">\r\n                                <h3>F-i fi, n-i ni!<\/h3>\r\n                            <\/div>\r\n                        \r\n\r\n                                                    <div class=\"si-list-grid-card-date\">\r\n                                <p class=\"list-date\">\r\n                                    Sunday 11 October 2026                                <\/p>\r\n                                                                    <p class=\"list-heure\">19:00<\/p>\r\n                                                            <\/div>\r\n                        \r\n\t\t\t\t\t\t\r\n                          <!--                              <div class=\"si-list-grid-card-scene\">\r\n                                Studio du Quai des arts                            <\/div>\r\n                         -->\r\n                        \r\n\r\n                        <!-- <div class=\"si-list-grid-card-excerpt\"><p>&#8220;Time goes by, and it takes its time,&#8221; a song once said. And time has passed! After more than thirty years of joyfully &#8220;charbonner&#8221;\u2014here and elsewhere\u2014over the glowing embers of Quebec\u2019s traditional repertoire, Les Charbonniers de l\u2019enfer offer one last chance to see them at the festival, in a show staged through the bright eye [&hellip;]<\/p>\n<\/div>-->\r\n\r\n\r\n\r\n                        <div class=\"si-list-grid-card-buttons\">\r\n                            <a href=\"https:\/\/lavireetrad.com\/en\/evenement\/les-charbonniers-de-lenfer\/\" class=\"si-list-grid-card-button si-btn-read\">Lire la suite<\/a>\r\n                                                            <a href=\"https:\/\/quaidesarts-maximum90.tuxedobillet.com\/Maximum%2090\/flvt-2026-les-charbonniers-de-lenfer\" target=\"_blank\" class=\"si-list-grid-card-button si-btn-buy\">Acheter en ligne<\/a>\r\n                                                    <\/div>\r\n\r\n                    <\/div>\r\n                <\/div>\r\n\r\n            \r\n                \r\n                <div class=\"si-list-grid-card\">\r\n\r\n                                            <div class=\"si-list-grid-card-category\">\r\n                            <h2>\r\n                                Dance                            <\/h2>\r\n                        <\/div>\r\n                    \r\n                                            <div class=\"si-list-grid-card-image\">\r\n                            <a href=\"https:\/\/lavireetrad.com\/en\/evenement\/la-viree-trad-evening-gathering\/\">\r\n                                <img loading=\"lazy\" decoding=\"async\" width=\"768\" height=\"691\" src=\"https:\/\/lavireetrad.com\/wp-content\/uploads\/2026\/08\/Veillee-de-la-viree-768x691.webp\" class=\"si-list-grid-card-img wp-post-image\" alt=\"\" \/>                            <\/a>\r\n                        <\/div>\r\n                    \r\n                    <div class=\"si-list-grid-card-content\">\r\n\r\n                        <!-- STATUT -->\r\n\r\n                        <div class=\"si-list-grid-card-status-container\">\r\n                                                                                                                    <div class=\"si-list-grid-card-status si-status-gratuit\">\r\n                                    <p>Gratuit<\/p>\r\n                                <\/div>\r\n                                                    <\/div>\r\n\t\t\t\t\t\t\r\n\t\t\t\t\t\t                            <div class=\"si-list-grid-card-scene\">\r\n                                Foyer du Quai des arts                            <\/div>\r\n                         \r\n\r\n                        <h2 class=\"si-list-grid-card-artist\">\r\n                            <a href=\"https:\/\/lavireetrad.com\/en\/evenement\/la-viree-trad-evening-gathering\/\">\r\n                                La Vir\u00e9e Trad Evening Gathering                            <\/a>\r\n                        <\/h2>\r\n\r\n                        \r\n\r\n                                                    <div class=\"si-list-grid-card-date\">\r\n                                <p class=\"list-date\">\r\n                                    Sunday 11 October 2026                                <\/p>\r\n                                                                    <p class=\"list-heure\">De 20:45 \u00e0 23:00<\/p>\r\n                                                            <\/div>\r\n                        \r\n\t\t\t\t\t\t\r\n                          <!--                              <div class=\"si-list-grid-card-scene\">\r\n                                Foyer du Quai des arts                            <\/div>\r\n                         -->\r\n                        \r\n\r\n                        <!-- <div class=\"si-list-grid-card-excerpt\"><p>To wrap up the festival in style, join us at the Quai des arts lobby for a jam trad with the artists from this 25th edition. Everyone is invited to take part in this evening gathering. Bring your instruments!<\/p>\n<\/div>-->\r\n\r\n\r\n\r\n                        <div class=\"si-list-grid-card-buttons\">\r\n                            <a href=\"https:\/\/lavireetrad.com\/en\/evenement\/la-viree-trad-evening-gathering\/\" class=\"si-list-grid-card-button si-btn-read\">Lire la suite<\/a>\r\n                                                    <\/div>\r\n\r\n                    <\/div>\r\n                <\/div>\r\n\r\n                                \r\n    <\/div>\r\n\r\n<\/div>\r\n\r\n<script>\r\n    (function() {\r\n        var params = new URLSearchParams(window.location.search);\r\n        var hasFilter = params.has('si_category') || params.has('si_jour') || params.has('si_scene') || params.has('si_search') || params.has('si_reset');\r\n\r\n        if (hasFilter) {\r\n            var wrapper = document.getElementById('si-list-wrapper');\r\n            if (wrapper) {\r\n                wrapper.scrollIntoView({\r\n                    behavior: 'auto',\r\n                    block: 'start'\r\n                });\r\n            }\r\n\r\n            \/\/ Nettoyage de l'URL pour enlever si_reset une fois utilis\u00e9\r\n            if (params.has('si_reset')) {\r\n                params.delete('si_reset');\r\n                var newUrl = window.location.pathname + (params.toString() ? '?' + params.toString() : '');\r\n                window.history.replaceState({}, '', newUrl);\r\n            }\r\n        }\r\n    })();\r\n<\/script>[\/et_pb_code][\/et_pb_column][\/et_pb_row][\/et_pb_section][et_pb_section fb_built=&#8221;1&#8243; custom_padding_last_edited=&#8221;on|tablet&#8221; module_class=&#8221;section-actu-accueil&#8221; _builder_version=&#8221;4.27.8&#8243; _module_preset=&#8221;default&#8221; background_color=&#8221;#EDE9E9&#8243; custom_padding=&#8221;5%||5%||true|false&#8221; custom_padding_tablet=&#8221;9%||9%||true|false&#8221; custom_padding_phone=&#8221;18%||18%||true|false&#8221; global_colors_info=&#8221;{}&#8221;][et_pb_row column_structure=&#8221;2_3,1_3&#8243; custom_padding_last_edited=&#8221;on|phone&#8221; _builder_version=&#8221;4.27.6&#8243; _module_preset=&#8221;default&#8221; width=&#8221;92%&#8221; custom_padding_tablet=&#8221;0px||0px||true|false&#8221; custom_padding_phone=&#8221;0px||0px||true|false&#8221; global_colors_info=&#8221;{}&#8221;][et_pb_column type=&#8221;2_3&#8243; _builder_version=&#8221;4.27.5&#8243; _module_preset=&#8221;default&#8221; global_colors_info=&#8221;{}&#8221;][et_pb_text _builder_version=&#8221;4.27.6&#8243; _module_preset=&#8221;default&#8221; header_2_font=&#8221;Manrope|700|||||||&#8221; max_width_tablet=&#8221;&#8221; max_width_phone=&#8221;80%&#8221; max_width_last_edited=&#8221;on|phone&#8221; header_2_text_align_tablet=&#8221;&#8221; header_2_text_align_phone=&#8221;center&#8221; header_2_text_align_last_edited=&#8221;on|phone&#8221; header_2_font_size_tablet=&#8221;40px&#8221; header_2_font_size_phone=&#8221;30px&#8221; header_2_font_size_last_edited=&#8221;on|tablet&#8221; module_alignment_tablet=&#8221;center&#8221; module_alignment_phone=&#8221;center&#8221; module_alignment_last_edited=&#8221;on|tablet&#8221; global_colors_info=&#8221;{}&#8221;]<\/p>\n<h2>Latest News<\/h2>\n<p>[\/et_pb_text][\/et_pb_column][et_pb_column type=&#8221;1_3&#8243; _builder_version=&#8221;4.27.6&#8243; _module_preset=&#8221;default&#8221; global_colors_info=&#8221;{}&#8221;][et_pb_button button_url=&#8221;@ET-DC@eyJkeW5hbWljIjp0cnVlLCJjb250ZW50IjoicG9zdF9saW5rX3VybF9wYWdlIiwic2V0dGluZ3MiOnsicG9zdF9pZCI6IjcwMSJ9fQ==@&#8221; button_text=&#8221;View all news&#8221; button_alignment=&#8221;right&#8221; button_alignment_tablet=&#8221;left&#8221; button_alignment_phone=&#8221;left&#8221; button_alignment_last_edited=&#8221;on|tablet&#8221; disabled_on=&#8221;on|on|off&#8221; _builder_version=&#8221;4.27.6&#8243; _dynamic_attributes=&#8221;button_url&#8221; _module_preset=&#8221;default&#8221; custom_margin=&#8221;10px||||false|false&#8221; global_colors_info=&#8221;{}&#8221;][\/et_pb_button][\/et_pb_column][\/et_pb_row][et_pb_row custom_padding_last_edited=&#8221;on|phone&#8221; _builder_version=&#8221;4.27.6&#8243; _module_preset=&#8221;default&#8221; width=&#8221;92%&#8221; width_tablet=&#8221;92%&#8221; width_phone=&#8221;87%&#8221; width_last_edited=&#8221;on|phone&#8221; custom_padding=&#8221;0px||||false|false&#8221; custom_padding_tablet=&#8221;||0px||false|false&#8221; custom_padding_phone=&#8221;||0px||false|false&#8221; global_colors_info=&#8221;{}&#8221;][et_pb_column type=&#8221;4_4&#8243; _builder_version=&#8221;4.27.5&#8243; _module_preset=&#8221;default&#8221; global_colors_info=&#8221;{}&#8221;][et_pb_blog fullwidth=&#8221;off&#8221; posts_number=&#8221;3&#8243; meta_date=&#8221;j M, Y&#8221; excerpt_length=&#8221;90&#8243; show_author=&#8221;off&#8221; show_categories=&#8221;off&#8221; show_pagination=&#8221;off&#8221; use_overlay=&#8221;on&#8221; overlay_icon_color=&#8221;RGBA(255,255,255,0)&#8221; hover_overlay_color=&#8221;rgba(27,43,103,0.25)&#8221; module_class=&#8221;grid-actualites&#8221; _builder_version=&#8221;4.27.8&#8243; _module_preset=&#8221;default&#8221; header_font=&#8221;|600||on|||||&#8221; header_text_color=&#8221;#1B2B67&#8243; header_font_size=&#8221;25px&#8221; header_letter_spacing=&#8221;0.5px&#8221; body_text_color=&#8221;#646363&#8243; body_font_size=&#8221;16px&#8221; body_line_height=&#8221;1.3em&#8221; meta_font=&#8221;|700|||||||&#8221; meta_text_color=&#8221;#C8672D&#8221; meta_font_size=&#8221;16px&#8221; header_font_size_tablet=&#8221;22px&#8221; header_font_size_phone=&#8221;20px&#8221; header_font_size_last_edited=&#8221;on|tablet&#8221; header_line_height_tablet=&#8221;&#8221; header_line_height_phone=&#8221;1.3em&#8221; header_line_height_last_edited=&#8221;on|phone&#8221; body_font_size_tablet=&#8221;15px&#8221; body_font_size_phone=&#8221;15px&#8221; body_font_size_last_edited=&#8221;on|tablet&#8221; body_line_height_tablet=&#8221;1.5em&#8221; body_line_height_phone=&#8221;1.5em&#8221; body_line_height_last_edited=&#8221;on|tablet&#8221; meta_font_size_tablet=&#8221;15px&#8221; meta_font_size_phone=&#8221;15px&#8221; meta_font_size_last_edited=&#8221;on|phone&#8221; border_width_all=&#8221;0px&#8221; border_color_all=&#8221;#000000&#8243; global_colors_info=&#8221;{}&#8221;][\/et_pb_blog][\/et_pb_column][\/et_pb_row][et_pb_row custom_padding_last_edited=&#8221;on|phone&#8221; disabled_on=&#8221;off|off|on&#8221; _builder_version=&#8221;4.27.6&#8243; _module_preset=&#8221;default&#8221; width_tablet=&#8221;92%&#8221; width_phone=&#8221;92%&#8221; width_last_edited=&#8221;on|phone&#8221; custom_padding_tablet=&#8221;&#8221; custom_padding_phone=&#8221;&#8221; global_colors_info=&#8221;{}&#8221;][et_pb_column type=&#8221;4_4&#8243; _builder_version=&#8221;4.27.6&#8243; _module_preset=&#8221;default&#8221; global_colors_info=&#8221;{}&#8221;][et_pb_button button_url=&#8221;@ET-DC@eyJkeW5hbWljIjp0cnVlLCJjb250ZW50IjoicG9zdF9saW5rX3VybF9wYWdlIiwic2V0dGluZ3MiOnsicG9zdF9pZCI6IjcwMSJ9fQ==@&#8221; button_text=&#8221;View all news&#8221; button_alignment=&#8221;center&#8221; button_alignment_tablet=&#8221;left&#8221; button_alignment_phone=&#8221;left&#8221; button_alignment_last_edited=&#8221;off|tablet&#8221; _builder_version=&#8221;4.27.7&#8243; _dynamic_attributes=&#8221;button_url&#8221; _module_preset=&#8221;default&#8221; custom_margin=&#8221;10px||||false|false&#8221; global_colors_info=&#8221;{}&#8221;][\/et_pb_button][\/et_pb_column][\/et_pb_row][\/et_pb_section]<\/p>\n","protected":false},"excerpt":{"rendered":"<p>[et_pb_section fb_built=&#8221;1&#8243; module_class=&#8221;section-hero&#8221; _builder_version=&#8221;4.27.8&#8243; _module_preset=&#8221;default&#8221; background_image=&#8221;https:\/\/lavireetrad.com\/wp-content\/uploads\/2026\/08\/FLVT26-Banniere_1920x615_v2.jpg&#8221; background_position=&#8221;center_right&#8221; custom_padding=&#8221;0px||0px||true|false&#8221; global_colors_info=&#8221;{}&#8221;][et_pb_row column_structure=&#8221;2_5,3_5&#8243; use_custom_gutter=&#8221;on&#8221; gutter_width=&#8221;1&#8243; make_equal=&#8221;on&#8221; module_class=&#8221;custom_row&#8221; _builder_version=&#8221;4.27.8&#8243; _module_preset=&#8221;default&#8221; width=&#8221;100%&#8221; max_width=&#8221;2560px&#8221; custom_padding=&#8221;0px||0px||true|false&#8221; global_colors_info=&#8221;{}&#8221;][et_pb_column type=&#8221;2_5&#8243; module_class=&#8221;second-on-mobile&#8221; _builder_version=&#8221;4.27.8&#8243; _module_preset=&#8221;default&#8221; background_enable_image=&#8221;off&#8221; custom_padding=&#8221;7%|5%|7%|5%|true|true&#8221; custom_padding_tablet=&#8221;7%|5%|7%|5%|true|true&#8221; custom_padding_phone=&#8221;0%|0%|0%|0%|true|true&#8221; custom_padding_last_edited=&#8221;on|phone&#8221; global_colors_info=&#8221;{}&#8221;][et_pb_video src=&#8221;https:\/\/www.youtube.com\/watch?v=_zA8dT96Cmg&#8221; _builder_version=&#8221;4.27.8&#8243; _module_preset=&#8221;default&#8221; border_width_all=&#8221;2px&#8221; border_color_all=&#8221;#FFFFFF&#8221; border_width_all_tablet=&#8221;2px&#8221; border_width_all_phone=&#8221;0px&#8221; border_width_all_last_edited=&#8221;on|phone&#8221; box_shadow_style=&#8221;preset1&#8243; box_shadow_color=&#8221;rgba(0,0,0,0.23)&#8221; global_colors_info=&#8221;{}&#8221;][\/et_pb_video][\/et_pb_column][et_pb_column type=&#8221;3_5&#8243; module_class=&#8221;row-col-hero-texte first-on-mobile&#8221; _builder_version=&#8221;4.27.8&#8243; _module_preset=&#8221;default&#8221; custom_padding=&#8221;7%|7%|7%|0px|true|false&#8221; custom_padding_tablet=&#8221;7%|5%|7%|5%|true|true&#8221; custom_padding_phone=&#8221;15%||15%||true|true&#8221; custom_padding_last_edited=&#8221;on|phone&#8221; global_colors_info=&#8221;{}&#8221;][et_pb_text _builder_version=&#8221;4.27.8&#8243; _module_preset=&#8221;default&#8221; header_3_font=&#8221;Manrope|300|||||||&#8221; header_3_text_color=&#8221;#EDE9E9&#8243; [&hellip;]<\/p>\n","protected":false},"author":1,"featured_media":0,"parent":0,"menu_order":0,"comment_status":"closed","ping_status":"closed","template":"","meta":{"_acf_changed":false,"_et_pb_use_builder":"on","_et_pb_old_content":"","_et_gb_content_width":"","footnotes":""},"folder":[],"class_list":["post-2112","page","type-page","status-publish","hentry"],"acf":[],"yoast_head":"<!-- This site is optimized with the Yoast SEO plugin v28.4 - https:\/\/yoast.com\/product\/yoast-seo-wordpress\/ -->\n<title>Festival La Vir\u00e9e Trad | Carleton-sur-Mer<\/title>\n<meta name=\"description\" content=\"A festival featuring top trad artists and the largest public market in Gasp\u00e9sie!\" \/>\n<meta name=\"robots\" content=\"index, follow, max-snippet:-1, max-image-preview:large, max-video-preview:-1\" \/>\n<link rel=\"canonical\" href=\"https:\/\/lavireetrad.com\/en\/\" \/>\n<meta property=\"og:locale\" content=\"en_US\" \/>\n<meta property=\"og:type\" content=\"article\" \/>\n<meta property=\"og:title\" content=\"Festival La Vir\u00e9e Trad | Carleton-sur-Mer\" \/>\n<meta property=\"og:description\" content=\"A festival featuring top trad artists and the largest public market in Gasp\u00e9sie!\" \/>\n<meta property=\"og:url\" content=\"https:\/\/lavireetrad.com\/en\/\" \/>\n<meta property=\"og:site_name\" content=\"La Vir\u00e9e trad\" \/>\n<meta property=\"article:publisher\" content=\"https:\/\/www.facebook.com\/FestivalLaVireeTrad\" \/>\n<meta property=\"article:modified_time\" content=\"2026-09-03T15:45:58+00:00\" \/>\n<meta property=\"og:image\" content=\"https:\/\/lavireetrad.com\/wp-content\/uploads\/2026\/07\/Festival_La_Viree_Trad_Image5.jpg\" \/>\n\t<meta property=\"og:image:width\" content=\"1300\" \/>\n\t<meta property=\"og:image:height\" content=\"866\" \/>\n\t<meta property=\"og:image:type\" content=\"image\/jpeg\" \/>\n<meta name=\"twitter:card\" content=\"summary_large_image\" \/>\n<meta name=\"twitter:label1\" content=\"Est. reading time\" \/>\n\t<meta name=\"twitter:data1\" content=\"6 minutes\" \/>\n<script type=\"application\/ld+json\" class=\"yoast-schema-graph\">{\"@context\":\"https:\\\/\\\/schema.org\",\"@graph\":[{\"@type\":\"NewsArticle\",\"@id\":\"https:\\\/\\\/lavireetrad.com\\\/en\\\/#article\",\"isPartOf\":{\"@id\":\"https:\\\/\\\/lavireetrad.com\\\/en\\\/\"},\"author\":{\"name\":\"solinfo\",\"@id\":\"https:\\\/\\\/lavireetrad.com\\\/en\\\/#\\\/schema\\\/person\\\/2f812f04d6cb15be16b14ed15387b42a\"},\"headline\":\"Home\",\"datePublished\":\"2026-07-06T15:40:18+00:00\",\"dateModified\":\"2026-09-03T15:45:58+00:00\",\"mainEntityOfPage\":{\"@id\":\"https:\\\/\\\/lavireetrad.com\\\/en\\\/\"},\"wordCount\":1189,\"publisher\":{\"@id\":\"https:\\\/\\\/lavireetrad.com\\\/en\\\/#organization\"},\"inLanguage\":\"en-US\"},{\"@type\":[\"WebPage\",\"CollectionPage\"],\"@id\":\"https:\\\/\\\/lavireetrad.com\\\/en\\\/\",\"url\":\"https:\\\/\\\/lavireetrad.com\\\/en\\\/\",\"name\":\"Festival La Vir\u00e9e Trad | Carleton-sur-Mer\",\"isPartOf\":{\"@id\":\"https:\\\/\\\/lavireetrad.com\\\/en\\\/#website\"},\"datePublished\":\"2026-07-06T15:40:18+00:00\",\"dateModified\":\"2026-09-03T15:45:58+00:00\",\"description\":\"A festival featuring top trad artists and the largest public market in Gasp\u00e9sie!\",\"breadcrumb\":{\"@id\":\"https:\\\/\\\/lavireetrad.com\\\/en\\\/#breadcrumb\"},\"inLanguage\":\"en-US\"},{\"@type\":\"BreadcrumbList\",\"@id\":\"https:\\\/\\\/lavireetrad.com\\\/en\\\/#breadcrumb\",\"itemListElement\":[{\"@type\":\"ListItem\",\"position\":1,\"name\":\"Accueil\",\"item\":\"https:\\\/\\\/lavireetrad.com\\\/en\\\/home\\\/\"},{\"@type\":\"ListItem\",\"position\":2,\"name\":\"Home\"}]},{\"@type\":\"WebSite\",\"@id\":\"https:\\\/\\\/lavireetrad.com\\\/en\\\/#website\",\"url\":\"https:\\\/\\\/lavireetrad.com\\\/en\\\/\",\"name\":\"Festival La Vir\u00e9e Trad | Carleton-sur-Mer\",\"description\":\"Festival de musique traditionnelle \u00e0 Carleton-sur-Mer, en Gasp\u00e9sie\",\"publisher\":{\"@id\":\"https:\\\/\\\/lavireetrad.com\\\/en\\\/#organization\"},\"alternateName\":\"Festival La Vir\u00e9e Trad | Carleton-sur-Mer\",\"potentialAction\":[{\"@type\":\"SearchAction\",\"target\":{\"@type\":\"EntryPoint\",\"urlTemplate\":\"https:\\\/\\\/lavireetrad.com\\\/en\\\/?s={search_term_string}\"},\"query-input\":{\"@type\":\"PropertyValueSpecification\",\"valueRequired\":true,\"valueName\":\"search_term_string\"}}],\"inLanguage\":\"en-US\"},{\"@type\":\"Organization\",\"@id\":\"https:\\\/\\\/lavireetrad.com\\\/en\\\/#organization\",\"name\":\"Festival La Vir\u00e9e Trad | Carleton-sur-Mer\",\"alternateName\":\"La Vir\u00e9e Trad\",\"url\":\"https:\\\/\\\/lavireetrad.com\\\/en\\\/\",\"logo\":{\"@type\":\"ImageObject\",\"inLanguage\":\"en-US\",\"@id\":\"https:\\\/\\\/lavireetrad.com\\\/en\\\/#\\\/schema\\\/logo\\\/image\\\/\",\"url\":\"https:\\\/\\\/lavireetrad.com\\\/wp-content\\\/uploads\\\/2026\\\/07\\\/logo-la-viree-trad-noir.jpg\",\"contentUrl\":\"https:\\\/\\\/lavireetrad.com\\\/wp-content\\\/uploads\\\/2026\\\/07\\\/logo-la-viree-trad-noir.jpg\",\"width\":415,\"height\":479,\"caption\":\"Festival La Vir\u00e9e Trad | Carleton-sur-Mer\"},\"image\":{\"@id\":\"https:\\\/\\\/lavireetrad.com\\\/en\\\/#\\\/schema\\\/logo\\\/image\\\/\"},\"sameAs\":[\"https:\\\/\\\/www.facebook.com\\\/FestivalLaVireeTrad\"]},{\"@type\":\"Person\",\"@id\":\"https:\\\/\\\/lavireetrad.com\\\/en\\\/#\\\/schema\\\/person\\\/2f812f04d6cb15be16b14ed15387b42a\",\"name\":\"solinfo\",\"image\":{\"@type\":\"ImageObject\",\"inLanguage\":\"en-US\",\"@id\":\"https:\\\/\\\/secure.gravatar.com\\\/avatar\\\/d2d9e2b2f2d8172d43fe2ea3c5eea32279c28520278b9c0a09fa10721a633608?s=96&d=mm&r=g\",\"url\":\"https:\\\/\\\/secure.gravatar.com\\\/avatar\\\/d2d9e2b2f2d8172d43fe2ea3c5eea32279c28520278b9c0a09fa10721a633608?s=96&d=mm&r=g\",\"contentUrl\":\"https:\\\/\\\/secure.gravatar.com\\\/avatar\\\/d2d9e2b2f2d8172d43fe2ea3c5eea32279c28520278b9c0a09fa10721a633608?s=96&d=mm&r=g\",\"caption\":\"solinfo\"},\"sameAs\":[\"https:\\\/\\\/lavireetrad.com\"],\"url\":\"https:\\\/\\\/lavireetrad.com\\\/en\\\/author\\\/solinfo\\\/\"}]}<\/script>\n<!-- \/ Yoast SEO plugin. -->","yoast_head_json":{"title":"Festival La Vir\u00e9e Trad | Carleton-sur-Mer","description":"A festival featuring top trad artists and the largest public market in Gasp\u00e9sie!","robots":{"index":"index","follow":"follow","max-snippet":"max-snippet:-1","max-image-preview":"max-image-preview:large","max-video-preview":"max-video-preview:-1"},"canonical":"https:\/\/lavireetrad.com\/en\/","og_locale":"en_US","og_type":"article","og_title":"Festival La Vir\u00e9e Trad | Carleton-sur-Mer","og_description":"A festival featuring top trad artists and the largest public market in Gasp\u00e9sie!","og_url":"https:\/\/lavireetrad.com\/en\/","og_site_name":"La Vir\u00e9e trad","article_publisher":"https:\/\/www.facebook.com\/FestivalLaVireeTrad","article_modified_time":"2026-09-03T15:45:58+00:00","og_image":[{"width":1300,"height":866,"url":"https:\/\/lavireetrad.com\/wp-content\/uploads\/2026\/07\/Festival_La_Viree_Trad_Image5.jpg","type":"image\/jpeg"}],"twitter_card":"summary_large_image","twitter_misc":{"Est. reading time":"6 minutes"},"schema":{"@context":"https:\/\/schema.org","@graph":[{"@type":"NewsArticle","@id":"https:\/\/lavireetrad.com\/en\/#article","isPartOf":{"@id":"https:\/\/lavireetrad.com\/en\/"},"author":{"name":"solinfo","@id":"https:\/\/lavireetrad.com\/en\/#\/schema\/person\/2f812f04d6cb15be16b14ed15387b42a"},"headline":"Home","datePublished":"2026-07-06T15:40:18+00:00","dateModified":"2026-09-03T15:45:58+00:00","mainEntityOfPage":{"@id":"https:\/\/lavireetrad.com\/en\/"},"wordCount":1189,"publisher":{"@id":"https:\/\/lavireetrad.com\/en\/#organization"},"inLanguage":"en-US"},{"@type":["WebPage","CollectionPage"],"@id":"https:\/\/lavireetrad.com\/en\/","url":"https:\/\/lavireetrad.com\/en\/","name":"Festival La Vir\u00e9e Trad | Carleton-sur-Mer","isPartOf":{"@id":"https:\/\/lavireetrad.com\/en\/#website"},"datePublished":"2026-07-06T15:40:18+00:00","dateModified":"2026-09-03T15:45:58+00:00","description":"A festival featuring top trad artists and the largest public market in Gasp\u00e9sie!","breadcrumb":{"@id":"https:\/\/lavireetrad.com\/en\/#breadcrumb"},"inLanguage":"en-US"},{"@type":"BreadcrumbList","@id":"https:\/\/lavireetrad.com\/en\/#breadcrumb","itemListElement":[{"@type":"ListItem","position":1,"name":"Accueil","item":"https:\/\/lavireetrad.com\/en\/home\/"},{"@type":"ListItem","position":2,"name":"Home"}]},{"@type":"WebSite","@id":"https:\/\/lavireetrad.com\/en\/#website","url":"https:\/\/lavireetrad.com\/en\/","name":"Festival La Vir\u00e9e Trad | Carleton-sur-Mer","description":"Festival de musique traditionnelle \u00e0 Carleton-sur-Mer, en Gasp\u00e9sie","publisher":{"@id":"https:\/\/lavireetrad.com\/en\/#organization"},"alternateName":"Festival La Vir\u00e9e Trad | Carleton-sur-Mer","potentialAction":[{"@type":"SearchAction","target":{"@type":"EntryPoint","urlTemplate":"https:\/\/lavireetrad.com\/en\/?s={search_term_string}"},"query-input":{"@type":"PropertyValueSpecification","valueRequired":true,"valueName":"search_term_string"}}],"inLanguage":"en-US"},{"@type":"Organization","@id":"https:\/\/lavireetrad.com\/en\/#organization","name":"Festival La Vir\u00e9e Trad | Carleton-sur-Mer","alternateName":"La Vir\u00e9e Trad","url":"https:\/\/lavireetrad.com\/en\/","logo":{"@type":"ImageObject","inLanguage":"en-US","@id":"https:\/\/lavireetrad.com\/en\/#\/schema\/logo\/image\/","url":"https:\/\/lavireetrad.com\/wp-content\/uploads\/2026\/07\/logo-la-viree-trad-noir.jpg","contentUrl":"https:\/\/lavireetrad.com\/wp-content\/uploads\/2026\/07\/logo-la-viree-trad-noir.jpg","width":415,"height":479,"caption":"Festival La Vir\u00e9e Trad | Carleton-sur-Mer"},"image":{"@id":"https:\/\/lavireetrad.com\/en\/#\/schema\/logo\/image\/"},"sameAs":["https:\/\/www.facebook.com\/FestivalLaVireeTrad"]},{"@type":"Person","@id":"https:\/\/lavireetrad.com\/en\/#\/schema\/person\/2f812f04d6cb15be16b14ed15387b42a","name":"solinfo","image":{"@type":"ImageObject","inLanguage":"en-US","@id":"https:\/\/secure.gravatar.com\/avatar\/d2d9e2b2f2d8172d43fe2ea3c5eea32279c28520278b9c0a09fa10721a633608?s=96&d=mm&r=g","url":"https:\/\/secure.gravatar.com\/avatar\/d2d9e2b2f2d8172d43fe2ea3c5eea32279c28520278b9c0a09fa10721a633608?s=96&d=mm&r=g","contentUrl":"https:\/\/secure.gravatar.com\/avatar\/d2d9e2b2f2d8172d43fe2ea3c5eea32279c28520278b9c0a09fa10721a633608?s=96&d=mm&r=g","caption":"solinfo"},"sameAs":["https:\/\/lavireetrad.com"],"url":"https:\/\/lavireetrad.com\/en\/author\/solinfo\/"}]}},"publishpress_future_action":{"enabled":false,"date":"2026-09-13 07:45:06","action":"change-status","newStatus":"draft","terms":[],"taxonomy":"translation_priority","extraData":[]},"publishpress_future_workflow_manual_trigger":{"enabledWorkflows":[]},"_links":{"self":[{"href":"https:\/\/lavireetrad.com\/en\/wp-json\/wp\/v2\/pages\/2112","targetHints":{"allow":["GET"]}}],"collection":[{"href":"https:\/\/lavireetrad.com\/en\/wp-json\/wp\/v2\/pages"}],"about":[{"href":"https:\/\/lavireetrad.com\/en\/wp-json\/wp\/v2\/types\/page"}],"author":[{"embeddable":true,"href":"https:\/\/lavireetrad.com\/en\/wp-json\/wp\/v2\/users\/1"}],"replies":[{"embeddable":true,"href":"https:\/\/lavireetrad.com\/en\/wp-json\/wp\/v2\/comments?post=2112"}],"version-history":[{"count":2,"href":"https:\/\/lavireetrad.com\/en\/wp-json\/wp\/v2\/pages\/2112\/revisions"}],"predecessor-version":[{"id":2274,"href":"https:\/\/lavireetrad.com\/en\/wp-json\/wp\/v2\/pages\/2112\/revisions\/2274"}],"wp:attachment":[{"href":"https:\/\/lavireetrad.com\/en\/wp-json\/wp\/v2\/media?parent=2112"}],"wp:term":[{"taxonomy":"folder","embeddable":true,"href":"https:\/\/lavireetrad.com\/en\/wp-json\/wp\/v2\/folder?post=2112"}],"curies":[{"name":"wp","href":"https:\/\/api.w.org\/{rel}","templated":true}]}}