{"id":2144,"date":"2026-04-13T11:21:29","date_gmt":"2026-04-13T15:21:29","guid":{"rendered":"https:\/\/lavireetrad.com\/news\/"},"modified":"2026-09-03T11:16:30","modified_gmt":"2026-09-03T15:16:30","slug":"news","status":"publish","type":"page","link":"https:\/\/lavireetrad.com\/en\/news\/","title":{"rendered":"News"},"content":{"rendered":"<p>[et_pb_section fb_built=&#8221;1&#8243; _builder_version=&#8221;4.27.6&#8243; _module_preset=&#8221;default&#8221; background_color=&#8221;#EDE9E9&#8243; custom_padding=&#8221;40px||40px||true|false&#8221; global_colors_info=&#8221;{}&#8221;][et_pb_row _builder_version=&#8221;4.27.6&#8243; _module_preset=&#8221;default&#8221; width=&#8221;87%&#8221; max_width=&#8221;1100px&#8221; custom_padding=&#8221;11px||2px||false|false&#8221; global_colors_info=&#8221;{}&#8221;][et_pb_column type=&#8221;4_4&#8243; _builder_version=&#8221;4.27.6&#8243; _module_preset=&#8221;default&#8221; global_colors_info=&#8221;{}&#8221;][et_pb_text module_class=&#8221;titre-page-interne&#8221; _builder_version=&#8221;4.27.8&#8243; _module_preset=&#8221;default&#8221; header_font=&#8221;|||on|||||&#8221; header_text_align=&#8221;center&#8221; header_text_color=&#8221;#1B2B67&#8243; header_letter_spacing=&#8221;1px&#8221; hover_enabled=&#8221;0&#8243; global_colors_info=&#8221;{}&#8221; sticky_enabled=&#8221;0&#8243;]<\/p>\n<h1>News<\/h1>\n<p>[\/et_pb_text][\/et_pb_column][\/et_pb_row][\/et_pb_section][et_pb_section fb_built=&#8221;1&#8243; _builder_version=&#8221;4.27.8&#8243; _module_preset=&#8221;default&#8221; background_color=&#8221;rgba(237,233,233,0.46)&#8221; custom_padding=&#8221;5%||5%||true|false&#8221; hover_enabled=&#8221;0&#8243; global_colors_info=&#8221;{}&#8221; module_class=&#8221;section-actu-accueil&#8221; sticky_enabled=&#8221;0&#8243;][et_pb_row _builder_version=&#8221;4.27.5&#8243; _module_preset=&#8221;default&#8221; width=&#8221;92%&#8221; custom_padding=&#8221;0px||||false|false&#8221; global_colors_info=&#8221;{}&#8221;][et_pb_column type=&#8221;4_4&#8243; _builder_version=&#8221;4.27.5&#8243; _module_preset=&#8221;default&#8221; global_colors_info=&#8221;{}&#8221;][et_pb_blog fullwidth=&#8221;off&#8221; posts_number=&#8221;12&#8243; meta_date=&#8221;j M, Y&#8221; excerpt_length=&#8221;90&#8243; show_author=&#8221;off&#8221; show_categories=&#8221;off&#8221; use_overlay=&#8221;on&#8221; overlay_icon_color=&#8221;RGBA(255,255,255,0)&#8221; hover_overlay_color=&#8221;rgba(27,43,103,0.2)&#8221; module_class=&#8221;grid-actualites&#8221; _builder_version=&#8221;4.27.8&#8243; _module_preset=&#8221;default&#8221; header_font=&#8221;|600||on|||||&#8221; header_text_color=&#8221;#1B2B67&#8243; header_font_size=&#8221;25px&#8221; header_letter_spacing=&#8221;0.5px&#8221; body_text_color=&#8221;#646363&#8243; body_font_size=&#8221;16px&#8221; body_line_height=&#8221;1.3em&#8221; meta_font=&#8221;|700|||||||&#8221; meta_text_color=&#8221;#C8672D&#8221; meta_font_size=&#8221;16px&#8221; hover_enabled=&#8221;0&#8243; header_font_size_tablet=&#8221;22px&#8221; header_font_size_phone=&#8221;20px&#8221; header_font_size_last_edited=&#8221;on|tablet&#8221; header_line_height_tablet=&#8221;&#8221; header_line_height_phone=&#8221;1.3em&#8221; header_line_height_last_edited=&#8221;on|phone&#8221; body_font_size_tablet=&#8221;15px&#8221; body_font_size_phone=&#8221;15px&#8221; body_font_size_last_edited=&#8221;on|tablet&#8221; body_line_height_tablet=&#8221;1.5em&#8221; body_line_height_phone=&#8221;1.5em&#8221; body_line_height_last_edited=&#8221;on|tablet&#8221; meta_font_size_tablet=&#8221;15px&#8221; meta_font_size_phone=&#8221;15px&#8221; meta_font_size_last_edited=&#8221;on|phone&#8221; border_width_all=&#8221;0px&#8221; border_color_all=&#8221;#000000&#8243; global_colors_info=&#8221;{}&#8221; sticky_enabled=&#8221;0&#8243;][\/et_pb_blog][\/et_pb_column][\/et_pb_row][\/et_pb_section]<\/p>\n","protected":false},"excerpt":{"rendered":"<p>News<\/p>\n","protected":false},"author":1,"featured_media":0,"parent":0,"menu_order":0,"comment_status":"closed","ping_status":"closed","template":"","meta":{"_acf_changed":false,"_et_pb_use_builder":"on","_et_pb_old_content":"","_et_gb_content_width":"","footnotes":""},"folder":[],"class_list":["post-2144","page","type-page","status-publish","hentry"],"acf":[],"yoast_head":"<!-- This site is optimized with the Yoast SEO plugin v28.4 - https:\/\/yoast.com\/product\/yoast-seo-wordpress\/ -->\n<title>News - La Vir\u00e9e trad - Carleton-sur-Mer<\/title>\n<meta name=\"description\" content=\"Browse the latest news from your performance venue in Carleton-sur-Mer.\" \/>\n<meta name=\"robots\" content=\"index, follow, max-snippet:-1, max-image-preview:large, max-video-preview:-1\" \/>\n<link rel=\"canonical\" href=\"https:\/\/lavireetrad.com\/en\/news\/\" \/>\n<meta property=\"og:locale\" content=\"en_US\" \/>\n<meta property=\"og:type\" content=\"article\" \/>\n<meta property=\"og:title\" content=\"News - La Vir\u00e9e trad - Carleton-sur-Mer\" \/>\n<meta property=\"og:description\" content=\"Browse the latest news from your performance venue in Carleton-sur-Mer.\" \/>\n<meta property=\"og:url\" content=\"https:\/\/lavireetrad.com\/en\/news\/\" \/>\n<meta property=\"og:site_name\" content=\"La Vir\u00e9e trad\" \/>\n<meta property=\"article:publisher\" content=\"https:\/\/www.facebook.com\/FestivalLaVireeTrad\" \/>\n<meta property=\"article:modified_time\" content=\"2026-09-03T15:16:30+00:00\" \/>\n<meta property=\"og:image\" content=\"https:\/\/lavireetrad.com\/wp-content\/uploads\/2026\/07\/Festival_La_Viree_Trad_Image5.jpg\" \/>\n\t<meta property=\"og:image:width\" content=\"1300\" \/>\n\t<meta property=\"og:image:height\" content=\"866\" \/>\n\t<meta property=\"og:image:type\" content=\"image\/jpeg\" \/>\n<meta name=\"twitter:card\" content=\"summary_large_image\" \/>\n<meta name=\"twitter:label1\" content=\"Est. reading time\" \/>\n\t<meta name=\"twitter:data1\" content=\"2 minutes\" \/>\n<script type=\"application\/ld+json\" class=\"yoast-schema-graph\">{\"@context\":\"https:\\\/\\\/schema.org\",\"@graph\":[{\"@type\":\"NewsArticle\",\"@id\":\"https:\\\/\\\/lavireetrad.com\\\/en\\\/news\\\/#article\",\"isPartOf\":{\"@id\":\"https:\\\/\\\/lavireetrad.com\\\/en\\\/news\\\/\"},\"author\":{\"name\":\"solinfo\",\"@id\":\"https:\\\/\\\/lavireetrad.com\\\/en\\\/#\\\/schema\\\/person\\\/2f812f04d6cb15be16b14ed15387b42a\"},\"headline\":\"News\",\"datePublished\":\"2026-04-13T15:21:29+00:00\",\"dateModified\":\"2026-09-03T15:16:30+00:00\",\"mainEntityOfPage\":{\"@id\":\"https:\\\/\\\/lavireetrad.com\\\/en\\\/news\\\/\"},\"wordCount\":347,\"publisher\":{\"@id\":\"https:\\\/\\\/lavireetrad.com\\\/en\\\/#organization\"},\"inLanguage\":\"en-US\"},{\"@type\":[\"WebPage\",\"CollectionPage\"],\"@id\":\"https:\\\/\\\/lavireetrad.com\\\/en\\\/news\\\/\",\"url\":\"https:\\\/\\\/lavireetrad.com\\\/en\\\/news\\\/\",\"name\":\"News - La Vir\u00e9e trad - Carleton-sur-Mer\",\"isPartOf\":{\"@id\":\"https:\\\/\\\/lavireetrad.com\\\/en\\\/#website\"},\"datePublished\":\"2026-04-13T15:21:29+00:00\",\"dateModified\":\"2026-09-03T15:16:30+00:00\",\"description\":\"Browse the latest news from your performance venue in Carleton-sur-Mer.\",\"breadcrumb\":{\"@id\":\"https:\\\/\\\/lavireetrad.com\\\/en\\\/news\\\/#breadcrumb\"},\"inLanguage\":\"en-US\"},{\"@type\":\"BreadcrumbList\",\"@id\":\"https:\\\/\\\/lavireetrad.com\\\/en\\\/news\\\/#breadcrumb\",\"itemListElement\":[{\"@type\":\"ListItem\",\"position\":1,\"name\":\"Accueil\",\"item\":\"https:\\\/\\\/lavireetrad.com\\\/en\\\/home\\\/\"},{\"@type\":\"ListItem\",\"position\":2,\"name\":\"News\"}]},{\"@type\":\"WebSite\",\"@id\":\"https:\\\/\\\/lavireetrad.com\\\/en\\\/#website\",\"url\":\"https:\\\/\\\/lavireetrad.com\\\/en\\\/\",\"name\":\"Festival La Vir\u00e9e Trad | Carleton-sur-Mer\",\"description\":\"Festival de musique traditionnelle \u00e0 Carleton-sur-Mer, en Gasp\u00e9sie\",\"publisher\":{\"@id\":\"https:\\\/\\\/lavireetrad.com\\\/en\\\/#organization\"},\"alternateName\":\"Festival La Vir\u00e9e Trad | Carleton-sur-Mer\",\"potentialAction\":[{\"@type\":\"SearchAction\",\"target\":{\"@type\":\"EntryPoint\",\"urlTemplate\":\"https:\\\/\\\/lavireetrad.com\\\/en\\\/?s={search_term_string}\"},\"query-input\":{\"@type\":\"PropertyValueSpecification\",\"valueRequired\":true,\"valueName\":\"search_term_string\"}}],\"inLanguage\":\"en-US\"},{\"@type\":\"Organization\",\"@id\":\"https:\\\/\\\/lavireetrad.com\\\/en\\\/#organization\",\"name\":\"Festival La Vir\u00e9e Trad | Carleton-sur-Mer\",\"alternateName\":\"La Vir\u00e9e Trad\",\"url\":\"https:\\\/\\\/lavireetrad.com\\\/en\\\/\",\"logo\":{\"@type\":\"ImageObject\",\"inLanguage\":\"en-US\",\"@id\":\"https:\\\/\\\/lavireetrad.com\\\/en\\\/#\\\/schema\\\/logo\\\/image\\\/\",\"url\":\"https:\\\/\\\/lavireetrad.com\\\/wp-content\\\/uploads\\\/2026\\\/07\\\/logo-la-viree-trad-noir.jpg\",\"contentUrl\":\"https:\\\/\\\/lavireetrad.com\\\/wp-content\\\/uploads\\\/2026\\\/07\\\/logo-la-viree-trad-noir.jpg\",\"width\":415,\"height\":479,\"caption\":\"Festival La Vir\u00e9e Trad | Carleton-sur-Mer\"},\"image\":{\"@id\":\"https:\\\/\\\/lavireetrad.com\\\/en\\\/#\\\/schema\\\/logo\\\/image\\\/\"},\"sameAs\":[\"https:\\\/\\\/www.facebook.com\\\/FestivalLaVireeTrad\"]},{\"@type\":\"Person\",\"@id\":\"https:\\\/\\\/lavireetrad.com\\\/en\\\/#\\\/schema\\\/person\\\/2f812f04d6cb15be16b14ed15387b42a\",\"name\":\"solinfo\",\"image\":{\"@type\":\"ImageObject\",\"inLanguage\":\"en-US\",\"@id\":\"https:\\\/\\\/secure.gravatar.com\\\/avatar\\\/d2d9e2b2f2d8172d43fe2ea3c5eea32279c28520278b9c0a09fa10721a633608?s=96&d=mm&r=g\",\"url\":\"https:\\\/\\\/secure.gravatar.com\\\/avatar\\\/d2d9e2b2f2d8172d43fe2ea3c5eea32279c28520278b9c0a09fa10721a633608?s=96&d=mm&r=g\",\"contentUrl\":\"https:\\\/\\\/secure.gravatar.com\\\/avatar\\\/d2d9e2b2f2d8172d43fe2ea3c5eea32279c28520278b9c0a09fa10721a633608?s=96&d=mm&r=g\",\"caption\":\"solinfo\"},\"sameAs\":[\"https:\\\/\\\/lavireetrad.com\"],\"url\":\"https:\\\/\\\/lavireetrad.com\\\/en\\\/author\\\/solinfo\\\/\"}]}<\/script>\n<!-- \/ Yoast SEO plugin. -->","yoast_head_json":{"title":"News - La Vir\u00e9e trad - Carleton-sur-Mer","description":"Browse the latest news from your performance venue in Carleton-sur-Mer.","robots":{"index":"index","follow":"follow","max-snippet":"max-snippet:-1","max-image-preview":"max-image-preview:large","max-video-preview":"max-video-preview:-1"},"canonical":"https:\/\/lavireetrad.com\/en\/news\/","og_locale":"en_US","og_type":"article","og_title":"News - La Vir\u00e9e trad - Carleton-sur-Mer","og_description":"Browse the latest news from your performance venue in Carleton-sur-Mer.","og_url":"https:\/\/lavireetrad.com\/en\/news\/","og_site_name":"La Vir\u00e9e trad","article_publisher":"https:\/\/www.facebook.com\/FestivalLaVireeTrad","article_modified_time":"2026-09-03T15:16:30+00:00","og_image":[{"width":1300,"height":866,"url":"https:\/\/lavireetrad.com\/wp-content\/uploads\/2026\/07\/Festival_La_Viree_Trad_Image5.jpg","type":"image\/jpeg"}],"twitter_card":"summary_large_image","twitter_misc":{"Est. reading time":"2 minutes"},"schema":{"@context":"https:\/\/schema.org","@graph":[{"@type":"NewsArticle","@id":"https:\/\/lavireetrad.com\/en\/news\/#article","isPartOf":{"@id":"https:\/\/lavireetrad.com\/en\/news\/"},"author":{"name":"solinfo","@id":"https:\/\/lavireetrad.com\/en\/#\/schema\/person\/2f812f04d6cb15be16b14ed15387b42a"},"headline":"News","datePublished":"2026-04-13T15:21:29+00:00","dateModified":"2026-09-03T15:16:30+00:00","mainEntityOfPage":{"@id":"https:\/\/lavireetrad.com\/en\/news\/"},"wordCount":347,"publisher":{"@id":"https:\/\/lavireetrad.com\/en\/#organization"},"inLanguage":"en-US"},{"@type":["WebPage","CollectionPage"],"@id":"https:\/\/lavireetrad.com\/en\/news\/","url":"https:\/\/lavireetrad.com\/en\/news\/","name":"News - La Vir\u00e9e trad - Carleton-sur-Mer","isPartOf":{"@id":"https:\/\/lavireetrad.com\/en\/#website"},"datePublished":"2026-04-13T15:21:29+00:00","dateModified":"2026-09-03T15:16:30+00:00","description":"Browse the latest news from your performance venue in Carleton-sur-Mer.","breadcrumb":{"@id":"https:\/\/lavireetrad.com\/en\/news\/#breadcrumb"},"inLanguage":"en-US"},{"@type":"BreadcrumbList","@id":"https:\/\/lavireetrad.com\/en\/news\/#breadcrumb","itemListElement":[{"@type":"ListItem","position":1,"name":"Accueil","item":"https:\/\/lavireetrad.com\/en\/home\/"},{"@type":"ListItem","position":2,"name":"News"}]},{"@type":"WebSite","@id":"https:\/\/lavireetrad.com\/en\/#website","url":"https:\/\/lavireetrad.com\/en\/","name":"Festival La Vir\u00e9e Trad | Carleton-sur-Mer","description":"Festival de musique traditionnelle \u00e0 Carleton-sur-Mer, en Gasp\u00e9sie","publisher":{"@id":"https:\/\/lavireetrad.com\/en\/#organization"},"alternateName":"Festival La Vir\u00e9e Trad | Carleton-sur-Mer","potentialAction":[{"@type":"SearchAction","target":{"@type":"EntryPoint","urlTemplate":"https:\/\/lavireetrad.com\/en\/?s={search_term_string}"},"query-input":{"@type":"PropertyValueSpecification","valueRequired":true,"valueName":"search_term_string"}}],"inLanguage":"en-US"},{"@type":"Organization","@id":"https:\/\/lavireetrad.com\/en\/#organization","name":"Festival La Vir\u00e9e Trad | Carleton-sur-Mer","alternateName":"La Vir\u00e9e Trad","url":"https:\/\/lavireetrad.com\/en\/","logo":{"@type":"ImageObject","inLanguage":"en-US","@id":"https:\/\/lavireetrad.com\/en\/#\/schema\/logo\/image\/","url":"https:\/\/lavireetrad.com\/wp-content\/uploads\/2026\/07\/logo-la-viree-trad-noir.jpg","contentUrl":"https:\/\/lavireetrad.com\/wp-content\/uploads\/2026\/07\/logo-la-viree-trad-noir.jpg","width":415,"height":479,"caption":"Festival La Vir\u00e9e Trad | Carleton-sur-Mer"},"image":{"@id":"https:\/\/lavireetrad.com\/en\/#\/schema\/logo\/image\/"},"sameAs":["https:\/\/www.facebook.com\/FestivalLaVireeTrad"]},{"@type":"Person","@id":"https:\/\/lavireetrad.com\/en\/#\/schema\/person\/2f812f04d6cb15be16b14ed15387b42a","name":"solinfo","image":{"@type":"ImageObject","inLanguage":"en-US","@id":"https:\/\/secure.gravatar.com\/avatar\/d2d9e2b2f2d8172d43fe2ea3c5eea32279c28520278b9c0a09fa10721a633608?s=96&d=mm&r=g","url":"https:\/\/secure.gravatar.com\/avatar\/d2d9e2b2f2d8172d43fe2ea3c5eea32279c28520278b9c0a09fa10721a633608?s=96&d=mm&r=g","contentUrl":"https:\/\/secure.gravatar.com\/avatar\/d2d9e2b2f2d8172d43fe2ea3c5eea32279c28520278b9c0a09fa10721a633608?s=96&d=mm&r=g","caption":"solinfo"},"sameAs":["https:\/\/lavireetrad.com"],"url":"https:\/\/lavireetrad.com\/en\/author\/solinfo\/"}]}},"publishpress_future_action":{"enabled":false,"date":"2026-09-13 07:44:21","action":"change-status","newStatus":"draft","terms":[],"taxonomy":"translation_priority","extraData":[]},"publishpress_future_workflow_manual_trigger":{"enabledWorkflows":[]},"_links":{"self":[{"href":"https:\/\/lavireetrad.com\/en\/wp-json\/wp\/v2\/pages\/2144","targetHints":{"allow":["GET"]}}],"collection":[{"href":"https:\/\/lavireetrad.com\/en\/wp-json\/wp\/v2\/pages"}],"about":[{"href":"https:\/\/lavireetrad.com\/en\/wp-json\/wp\/v2\/types\/page"}],"author":[{"embeddable":true,"href":"https:\/\/lavireetrad.com\/en\/wp-json\/wp\/v2\/users\/1"}],"replies":[{"embeddable":true,"href":"https:\/\/lavireetrad.com\/en\/wp-json\/wp\/v2\/comments?post=2144"}],"version-history":[{"count":1,"href":"https:\/\/lavireetrad.com\/en\/wp-json\/wp\/v2\/pages\/2144\/revisions"}],"predecessor-version":[{"id":2150,"href":"https:\/\/lavireetrad.com\/en\/wp-json\/wp\/v2\/pages\/2144\/revisions\/2150"}],"wp:attachment":[{"href":"https:\/\/lavireetrad.com\/en\/wp-json\/wp\/v2\/media?parent=2144"}],"wp:term":[{"taxonomy":"folder","embeddable":true,"href":"https:\/\/lavireetrad.com\/en\/wp-json\/wp\/v2\/folder?post=2144"}],"curies":[{"name":"wp","href":"https:\/\/api.w.org\/{rel}","templated":true}]}}